{"id":2638,"date":"2026-07-13T09:43:17","date_gmt":"2026-07-13T09:43:17","guid":{"rendered":"http:\/\/webanna.local\/?page_id=2638"},"modified":"2026-08-22T20:56:00","modified_gmt":"2026-08-22T20:56:00","slug":"la-firma","status":"publish","type":"page","link":"https:\/\/annazaragoza.com\/ca\/la-firma\/","title":{"rendered":"El despatx"},"content":{"rendered":"\n<div class=\"wp-block-group alignfull pagina-firma\"><div class=\"wp-block-group__inner-container is-layout-flow wp-block-group-is-layout-flow\">\n<div class=\"wp-block-cover is-dark firma-hero az-shared-hero\" style=\"min-height:520px;aspect-ratio:unset;\"><img decoding=\"async\" width=\"1672\" height=\"941\" class=\"wp-block-cover__image-background wp-image-2619 size-full\" alt=\"\" src=\"https:\/\/annazaragoza.com\/wp-content\/uploads\/2026\/08\/hero-la-firma-corregido.png\" data-object-fit=\"cover\" srcset=\"https:\/\/annazaragoza.com\/wp-content\/uploads\/2026\/08\/hero-la-firma-corregido.png 1672w, https:\/\/annazaragoza.com\/wp-content\/uploads\/2026\/08\/hero-la-firma-corregido-300x169.png 300w, https:\/\/annazaragoza.com\/wp-content\/uploads\/2026\/08\/hero-la-firma-corregido-1024x576.png 1024w\" sizes=\"(max-width: 1672px) 100vw, 1672px\" \/><span aria-hidden=\"true\" class=\"wp-block-cover__background has-black-background-color has-background-dim-40 has-background-dim\"><\/span><div class=\"wp-block-cover__inner-container is-layout-constrained wp-block-cover-is-layout-constrained\">\n<h1 class=\"wp-block-heading\">El despatx<\/h1>\n\n\n\n<hr class=\"wp-block-separator has-alpha-channel-opacity az-shared-hero__line\" \/>\n\n\n\n<p class=\"wp-block-paragraph\">M\u00e9s de dotze anys d&#8217;experi\u00e8ncia acompanyant empreses, empresaris i fam\u00edlies en la presa de decisions i la protecci\u00f3 dels seus interessos.<\/p>\n<\/div><\/div>\n\n\n\n<div class=\"wp-block-group firma-identidad\"><div class=\"wp-block-group__inner-container is-layout-constrained wp-block-group-is-layout-constrained\">\n<div class=\"wp-block-group firma-seccion-titulo\"><div class=\"wp-block-group__inner-container is-layout-flow wp-block-group-is-layout-flow\">\n<h2 class=\"wp-block-heading\">Qui som<\/h2>\n\n\n\n<hr class=\"wp-block-separator has-alpha-channel-opacity firma-seccion-linea\" \/>\n<\/div><\/div>\n\n\n\n<div class=\"wp-block-group firma-identidad__grid\"><div class=\"wp-block-group__inner-container is-layout-flow wp-block-group-is-layout-flow\">\n<div class=\"wp-block-group firma-identidad__columna\"><div class=\"wp-block-group__inner-container is-layout-flow wp-block-group-is-layout-flow\">\n<p class=\"wp-block-paragraph\">A Anna Zaragoza entenem l&#8217;advocacia com una manera d&#8217;aportar claredat, criteri i seguretat en situacions que exigeixen decisions importants. Abordem cada assumpte amb rigor, atenci\u00f3 al detall i una visi\u00f3 estrat\u00e8gica adaptada a les circumst\u00e0ncies de cada client.<\/p>\n<\/div><\/div>\n\n\n\n<div class=\"wp-block-group firma-identidad__columna\"><div class=\"wp-block-group__inner-container is-layout-flow wp-block-group-is-layout-flow\">\n<p class=\"wp-block-paragraph\">El despatx reuneix professionals amb experi\u00e8ncia en diferents \u00e0rees jur\u00eddiques i perfils complementaris, que treballen de manera coordinada per oferir una atenci\u00f3 propera i una resposta s\u00f2lida a cada assumpte. Combinem coneixement t\u00e8cnic, experi\u00e8ncia pr\u00e0ctica i comunicaci\u00f3 directa durant tot el proc\u00e9s.<\/p>\n<\/div><\/div>\n<\/div><\/div>\n<\/div><\/div>\n\n\n\n<div class=\"wp-block-group firma-trayectoria\"><div class=\"wp-block-group__inner-container is-layout-constrained wp-block-group-is-layout-constrained\">\n<div class=\"wp-block-group firma-trayectoria__grid\"><div class=\"wp-block-group__inner-container is-layout-flow wp-block-group-is-layout-flow\">\n<div class=\"wp-block-group firma-trayectoria__relato\"><div class=\"wp-block-group__inner-container is-layout-flow wp-block-group-is-layout-flow\">\n<div class=\"wp-block-group firma-seccion-titulo\"><div class=\"wp-block-group__inner-container is-layout-flow wp-block-group-is-layout-flow\">\n<h2 class=\"wp-block-heading\">Traject\u00f2ria<\/h2>\n\n\n\n<hr class=\"wp-block-separator has-alpha-channel-opacity firma-seccion-linea\" \/>\n<\/div><\/div>\n\n\n\n<p class=\"wp-block-paragraph\">El despatx neix de l&#8217;experi\u00e8ncia professional de la seva fundadora, Anna Zaragoza, i d&#8217;una manera d&#8217;exercir l&#8217;advocacia especialment vinculada a la pr\u00e0ctica processal i al treball davant dels Jutjats i Tribunals.<\/p>\n\n\n\n<p class=\"wp-block-paragraph\">Amb el temps, el projecte ha incorporat professionals amb experi\u00e8ncia en diferents \u00e0rees i perfils complementaris, consolidant una manera de treballar basada en l&#8217;an\u00e0lisi rigorosa de cada assumpte, la preparaci\u00f3 minuciosa i l&#8217;acompanyament proper durant el proc\u00e9s.<\/p>\n\n\n\n<p class=\"wp-block-paragraph\">Aquesta combinaci\u00f3 d&#8217;experi\u00e8ncia, coneixement i treball en equip ens permet abordar els assumptes des de diferents perspectives, mantenint el tracte directe i personalitzat que caracteritza la nostra manera d&#8217;exercir la professi\u00f3.<\/p>\n<\/div><\/div>\n\n\n\n<div class=\"wp-block-group firma-trayectoria__biografia\"><div class=\"wp-block-group__inner-container is-layout-flow wp-block-group-is-layout-flow\">\n<p class=\"firma-trayectoria__rol wp-block-paragraph\">FUNDADORA I S\u00d2CIA DIRECTORA<\/p>\n\n\n\n<p class=\"firma-trayectoria__nombre wp-block-paragraph\">Anna Zaragoza Formiga<\/p>\n\n\n\n<p class=\"wp-block-paragraph\">Advocada amb m\u00e9s de deu anys d&#8217;experi\u00e8ncia professional en la direcci\u00f3 i defensa d&#8217;assumptes davant dels Jutjats i Tribunals, principalment en l&#8217;\u00e0mbit civil, mercantil i penal.<\/p>\n\n\n\n<p class=\"wp-block-paragraph\">Llicenciada en Dret per la Universitat de Barcelona, amb formaci\u00f3 en Dret Processal i Dret Concursal.<\/p>\n\n\n\n<p class=\"wp-block-paragraph\">Col\u00b7legiada n\u00fam. 34.293 de l&#8217;ICAB. Membre de les Seccions de Dret Concursal, Processal, Mercantil, Penal, Civil i de les Tecnologies de la Informaci\u00f3 i la Comunicaci\u00f3 de l&#8217;Il\u00b7lustre Col\u00b7legi de l&#8217;Advocacia de Barcelona.<\/p>\n<\/div><\/div>\n<\/div><\/div>\n<\/div><\/div>\n\n\n\n<div class=\"wp-block-group alignfull litigacion-metodo\"><div class=\"wp-block-group__inner-container is-layout-flow wp-block-group-is-layout-flow\">\n<div class=\"wp-block-group litigacion-metodo__interior\"><div class=\"wp-block-group__inner-container is-layout-constrained wp-container-core-group-is-layout-15701bb7 wp-block-group-is-layout-constrained\">\n<h2 class=\"wp-block-heading\">La nostra manera de treballar<\/h2>\n\n\n\n<div class=\"wp-block-group litigacion-metodo__grid\"><div class=\"wp-block-group__inner-container is-layout-flow wp-block-group-is-layout-flow\">\n<div class=\"wp-block-group litigacion-metodo__paso\"><div class=\"wp-block-group__inner-container is-layout-constrained wp-block-group-is-layout-constrained\">\n<p class=\"litigacion-metodo__numero wp-block-paragraph\">01<\/p>\n\n\n\n<h3 class=\"wp-block-heading\">An\u00e0lisi inicial<\/h3>\n\n\n\n<p class=\"wp-block-paragraph\">Estudiem el context, la documentaci\u00f3 disponible i les q\u00fcestions que cal valorar abans d&#8217;actuar.<\/p>\n<\/div><\/div>\n\n\n\n<div class=\"wp-block-group litigacion-metodo__paso\"><div class=\"wp-block-group__inner-container is-layout-constrained wp-block-group-is-layout-constrained\">\n<p class=\"litigacion-metodo__numero wp-block-paragraph\">02<\/p>\n\n\n\n<h3 class=\"wp-block-heading\">Estrat\u00e8gia processal<\/h3>\n\n\n\n<p class=\"wp-block-paragraph\">Definim una posici\u00f3 de treball coherent amb el conflicte i amb les vies que puguin resultar procedents.<\/p>\n<\/div><\/div>\n\n\n\n<div class=\"wp-block-group litigacion-metodo__paso\"><div class=\"wp-block-group__inner-container is-layout-constrained wp-block-group-is-layout-constrained\">\n<p class=\"litigacion-metodo__numero wp-block-paragraph\">03<\/p>\n\n\n\n<h3 class=\"wp-block-heading\">Preparaci\u00f3 documental i probat\u00f2ria<\/h3>\n\n\n\n<p class=\"wp-block-paragraph\">Ordenem la informaci\u00f3 i preparem la documentaci\u00f3 i els elements probatoris que corresponguin.<\/p>\n<\/div><\/div>\n\n\n\n<div class=\"wp-block-group litigacion-metodo__paso\"><div class=\"wp-block-group__inner-container is-layout-constrained wp-block-group-is-layout-constrained\">\n<p class=\"litigacion-metodo__numero wp-block-paragraph\">04<\/p>\n\n\n\n<h3 class=\"wp-block-heading\">Seguiment i comunicaci\u00f3<\/h3>\n\n\n\n<p class=\"wp-block-paragraph\">Mantenim una comunicaci\u00f3 clara sobre l&#8217;evoluci\u00f3 de l&#8217;assumpte i les actuacions rellevants.<\/p>\n<\/div><\/div>\n<\/div><\/div>\n<\/div><\/div>\n<\/div><\/div>\n\n\n\n<div class=\"wp-block-group alignfull editorial-closing--firma\"><div class=\"wp-block-group__inner-container is-layout-flow wp-block-group-is-layout-flow\">\n<p class=\"wp-block-paragraph\">Un despatx no es defineix nom\u00e9s pels assumptes que resol, sin\u00f3 per la manera com acompanya cada client durant tot el proc\u00e9s.<\/p>\n<\/div><\/div>\n\n\n\n<div id=\"equipo\" class=\"wp-block-group firma-equipo\"><div class=\"wp-block-group__inner-container is-layout-constrained wp-block-group-is-layout-constrained\">\n<div class=\"wp-block-group firma-equipo-cabecera firma-seccion-titulo\"><div class=\"wp-block-group__inner-container is-layout-flow wp-block-group-is-layout-flow\">\n<h2 class=\"wp-block-heading\">Equip<\/h2>\n\n\n\n<hr class=\"wp-block-separator has-alpha-channel-opacity firma-seccion-linea\" \/>\n\n\n\n<p class=\"firma-equipo-introduccion wp-block-paragraph\">Un equip comprom\u00e8s a oferir un assessorament jur\u00eddic rigor\u00f3s, estrat\u00e8gic i proper.<\/p>\n<\/div><\/div>\n\n\n\n<div class=\"wp-block-group firma-equipo-grid\"><div class=\"wp-block-group__inner-container is-layout-flow wp-block-group-is-layout-flow\">\n<div class=\"wp-block-group firma-persona\"><div class=\"wp-block-group__inner-container is-layout-flow wp-block-group-is-layout-flow\">\n<figure class=\"wp-block-image size-full firma-persona-imagen\"><img decoding=\"async\" width=\"475\" height=\"633\" src=\"\/wp-content\/uploads\/2022\/08\/6030-0306-copy.jpg\" alt=\"\" class=\"wp-image-426\" srcset=\"https:\/\/annazaragoza.com\/wp-content\/uploads\/2022\/08\/6030-0306-copy.jpg 475w, https:\/\/annazaragoza.com\/wp-content\/uploads\/2022\/08\/6030-0306-copy-225x300.jpg 225w\" sizes=\"(max-width: 475px) 100vw, 475px\" \/><\/figure>\n\n\n\n<h3 class=\"wp-block-heading firma-persona-nombre\">ANNA ZARAGOZA<\/h3>\n\n\n\n<p class=\"firma-persona-cargo wp-block-paragraph\">S\u00d2CIA DIRECTORA<\/p>\n<\/div><\/div>\n\n\n\n<div class=\"wp-block-group firma-persona\"><div class=\"wp-block-group__inner-container is-layout-flow wp-block-group-is-layout-flow\">\n<figure class=\"wp-block-image size-full firma-persona-imagen\"><img decoding=\"async\" width=\"1254\" height=\"1254\" src=\"https:\/\/annazaragoza.com\/wp-content\/uploads\/2026\/08\/avatar-personal.png\" alt=\"\" class=\"wp-image-2569\" srcset=\"https:\/\/annazaragoza.com\/wp-content\/uploads\/2026\/08\/avatar-personal.png 1254w, https:\/\/annazaragoza.com\/wp-content\/uploads\/2026\/08\/avatar-personal-300x300.png 300w, https:\/\/annazaragoza.com\/wp-content\/uploads\/2026\/08\/avatar-personal-1024x1024.png 1024w, https:\/\/annazaragoza.com\/wp-content\/uploads\/2026\/08\/avatar-personal-150x150.png 150w\" sizes=\"(max-width: 1254px) 100vw, 1254px\" \/><\/figure>\n\n\n\n<h3 class=\"wp-block-heading firma-persona-nombre\">VICEN\u00c7 ZARAGOZA<\/h3>\n\n\n\n<p class=\"firma-persona-cargo wp-block-paragraph\">OF COUNSEL<\/p>\n<\/div><\/div>\n\n\n\n<div class=\"wp-block-group firma-persona\"><div class=\"wp-block-group__inner-container is-layout-flow wp-block-group-is-layout-flow\">\n<figure class=\"wp-block-image size-full firma-persona-imagen\"><img decoding=\"async\" width=\"1254\" height=\"1254\" src=\"https:\/\/annazaragoza.com\/wp-content\/uploads\/2026\/08\/avatar-personal.png\" alt=\"\" class=\"wp-image-2569\" srcset=\"https:\/\/annazaragoza.com\/wp-content\/uploads\/2026\/08\/avatar-personal.png 1254w, https:\/\/annazaragoza.com\/wp-content\/uploads\/2026\/08\/avatar-personal-300x300.png 300w, https:\/\/annazaragoza.com\/wp-content\/uploads\/2026\/08\/avatar-personal-1024x1024.png 1024w, https:\/\/annazaragoza.com\/wp-content\/uploads\/2026\/08\/avatar-personal-150x150.png 150w\" sizes=\"(max-width: 1254px) 100vw, 1254px\" \/><\/figure>\n\n\n\n<h3 class=\"wp-block-heading firma-persona-nombre\">MARINA VIVES<\/h3>\n\n\n\n<p class=\"firma-persona-cargo wp-block-paragraph\">ADVOCADA S\u00c8NIOR<\/p>\n<\/div><\/div>\n\n\n\n<div class=\"wp-block-group firma-persona\"><div class=\"wp-block-group__inner-container is-layout-flow wp-block-group-is-layout-flow\">\n<figure class=\"wp-block-image size-full firma-persona-imagen\"><img decoding=\"async\" width=\"1254\" height=\"1254\" src=\"https:\/\/annazaragoza.com\/wp-content\/uploads\/2026\/08\/avatar-personal.png\" alt=\"\" class=\"wp-image-2569\" srcset=\"https:\/\/annazaragoza.com\/wp-content\/uploads\/2026\/08\/avatar-personal.png 1254w, https:\/\/annazaragoza.com\/wp-content\/uploads\/2026\/08\/avatar-personal-300x300.png 300w, https:\/\/annazaragoza.com\/wp-content\/uploads\/2026\/08\/avatar-personal-1024x1024.png 1024w, https:\/\/annazaragoza.com\/wp-content\/uploads\/2026\/08\/avatar-personal-150x150.png 150w\" sizes=\"(max-width: 1254px) 100vw, 1254px\" \/><\/figure>\n\n\n\n<h3 class=\"wp-block-heading firma-persona-nombre\">FISCALISTA<\/h3>\n\n\n\n<p class=\"firma-persona-cargo wp-block-paragraph\">FISCALISTA<\/p>\n<\/div><\/div>\n\n\n\n<div class=\"wp-block-group firma-persona\"><div class=\"wp-block-group__inner-container is-layout-flow wp-block-group-is-layout-flow\">\n<figure class=\"wp-block-image size-full firma-persona-imagen\"><img decoding=\"async\" width=\"1254\" height=\"1254\" src=\"https:\/\/annazaragoza.com\/wp-content\/uploads\/2026\/08\/avatar-personal.png\" alt=\"\" class=\"wp-image-2569\" srcset=\"https:\/\/annazaragoza.com\/wp-content\/uploads\/2026\/08\/avatar-personal.png 1254w, https:\/\/annazaragoza.com\/wp-content\/uploads\/2026\/08\/avatar-personal-300x300.png 300w, https:\/\/annazaragoza.com\/wp-content\/uploads\/2026\/08\/avatar-personal-1024x1024.png 1024w, https:\/\/annazaragoza.com\/wp-content\/uploads\/2026\/08\/avatar-personal-150x150.png 150w\" sizes=\"(max-width: 1254px) 100vw, 1254px\" \/><\/figure>\n\n\n\n<h3 class=\"wp-block-heading firma-persona-nombre\">SARA PIZARRO<\/h3>\n\n\n\n<p class=\"firma-persona-cargo wp-block-paragraph\">ADVOCADA S\u00c8NIOR<\/p>\n<\/div><\/div>\n\n\n\n<div class=\"wp-block-group firma-persona\"><div class=\"wp-block-group__inner-container is-layout-flow wp-block-group-is-layout-flow\">\n<figure class=\"wp-block-image size-full firma-persona-imagen\"><img decoding=\"async\" width=\"1254\" height=\"1254\" src=\"https:\/\/annazaragoza.com\/wp-content\/uploads\/2026\/08\/avatar-personal.png\" alt=\"\" class=\"wp-image-2569\" srcset=\"https:\/\/annazaragoza.com\/wp-content\/uploads\/2026\/08\/avatar-personal.png 1254w, https:\/\/annazaragoza.com\/wp-content\/uploads\/2026\/08\/avatar-personal-300x300.png 300w, https:\/\/annazaragoza.com\/wp-content\/uploads\/2026\/08\/avatar-personal-1024x1024.png 1024w, https:\/\/annazaragoza.com\/wp-content\/uploads\/2026\/08\/avatar-personal-150x150.png 150w\" sizes=\"(max-width: 1254px) 100vw, 1254px\" \/><\/figure>\n\n\n\n<h3 class=\"wp-block-heading firma-persona-nombre\">GLORIA ZARAGOZA<\/h3>\n\n\n\n<p class=\"firma-persona-cargo wp-block-paragraph\">PROCURADORA<\/p>\n<\/div><\/div>\n\n\n\n<div class=\"wp-block-group firma-persona\"><div class=\"wp-block-group__inner-container is-layout-flow wp-block-group-is-layout-flow\">\n<figure class=\"wp-block-image size-full firma-persona-imagen\"><img decoding=\"async\" width=\"1254\" height=\"1254\" src=\"https:\/\/annazaragoza.com\/wp-content\/uploads\/2026\/08\/avatar-personal.png\" alt=\"\" class=\"wp-image-2569\" srcset=\"https:\/\/annazaragoza.com\/wp-content\/uploads\/2026\/08\/avatar-personal.png 1254w, https:\/\/annazaragoza.com\/wp-content\/uploads\/2026\/08\/avatar-personal-300x300.png 300w, https:\/\/annazaragoza.com\/wp-content\/uploads\/2026\/08\/avatar-personal-1024x1024.png 1024w, https:\/\/annazaragoza.com\/wp-content\/uploads\/2026\/08\/avatar-personal-150x150.png 150w\" sizes=\"(max-width: 1254px) 100vw, 1254px\" \/><\/figure>\n\n\n\n<h3 class=\"wp-block-heading firma-persona-nombre\">LAURA GIRAUT<\/h3>\n\n\n\n<p class=\"firma-persona-cargo wp-block-paragraph\">MARKETING<\/p>\n<\/div><\/div>\n\n\n\n<div class=\"wp-block-group firma-persona\"><div class=\"wp-block-group__inner-container is-layout-flow wp-block-group-is-layout-flow\">\n<figure class=\"wp-block-image size-full firma-persona-imagen\"><img decoding=\"async\" width=\"1254\" height=\"1254\" src=\"https:\/\/annazaragoza.com\/wp-content\/uploads\/2026\/08\/avatar-personal.png\" alt=\"\" class=\"wp-image-2569\" srcset=\"https:\/\/annazaragoza.com\/wp-content\/uploads\/2026\/08\/avatar-personal.png 1254w, https:\/\/annazaragoza.com\/wp-content\/uploads\/2026\/08\/avatar-personal-300x300.png 300w, https:\/\/annazaragoza.com\/wp-content\/uploads\/2026\/08\/avatar-personal-1024x1024.png 1024w, https:\/\/annazaragoza.com\/wp-content\/uploads\/2026\/08\/avatar-personal-150x150.png 150w\" sizes=\"(max-width: 1254px) 100vw, 1254px\" \/><\/figure>\n\n\n\n<h3 class=\"wp-block-heading firma-persona-nombre\">ADMIN<\/h3>\n\n\n\n<p class=\"firma-persona-cargo wp-block-paragraph\">ADMINISTRATIVA<\/p>\n<\/div><\/div>\n<\/div><\/div>\n<\/div><\/div>\n\n\n\n<div class=\"wp-block-group firma-cierre\"><div class=\"wp-block-group__inner-container is-layout-constrained wp-block-group-is-layout-constrained\">\n<p class=\"wp-block-paragraph\">Des del nostre despatx d&#8217;advocats a Barcelona, ens comprometem a cercar una soluci\u00f3 pragm\u00e0tica i resolutiva per als seus conflictes, tenint sempre presents les seves inquietuds i preocupacions.<\/p>\n<\/div><\/div>\n<\/div><\/div>\n","protected":false},"excerpt":{"rendered":"<p>Qui som A Anna Zaragoza entenem l&#8217;advocacia com una manera d&#8217;aportar claredat, criteri i seguretat en situacions que exigeixen decisions importants. Abordem cada assumpte amb rigor, atenci\u00f3 al detall i una visi\u00f3 estrat\u00e8gica adaptada a les circumst\u00e0ncies de cada client. El despatx reuneix professionals amb experi\u00e8ncia en diferents \u00e0rees jur\u00eddiques i perfils complementaris, que treballen <a href=\"https:\/\/annazaragoza.com\/ca\/la-firma\/\" class=\"more-link\">&#8230;<span class=\"screen-reader-text\">  El despatx<\/span><\/a><\/p>\n","protected":false},"author":0,"featured_media":0,"parent":0,"menu_order":0,"comment_status":"closed","ping_status":"closed","template":"","meta":{"_acf_changed":false,"footnotes":""},"class_list":["post-2638","page","type-page","status-publish","hentry"],"acf":[],"yoast_head":"<!-- This site is optimized with the Yoast SEO plugin v27.7 - https:\/\/yoast.com\/product\/yoast-seo-wordpress\/ -->\n<title>El despatx - Anna Zaragoza<\/title>\n<meta name=\"robots\" content=\"index, follow, max-snippet:-1, max-image-preview:large, max-video-preview:-1\" \/>\n<link rel=\"canonical\" href=\"https:\/\/annazaragoza.com\/ca\/la-firma\/\" \/>\n<meta property=\"og:locale\" content=\"ca_ES\" \/>\n<meta property=\"og:type\" content=\"article\" \/>\n<meta property=\"og:title\" content=\"El despatx - Anna Zaragoza\" \/>\n<meta property=\"og:description\" content=\"Qui som A Anna Zaragoza entenem l&#8217;advocacia com una manera d&#8217;aportar claredat, criteri i seguretat en situacions que exigeixen decisions importants. Abordem cada assumpte amb rigor, atenci\u00f3 al detall i una visi\u00f3 estrat\u00e8gica adaptada a les circumst\u00e0ncies de cada client. El despatx reuneix professionals amb experi\u00e8ncia en diferents \u00e0rees jur\u00eddiques i perfils complementaris, que treballen ... El despatx\" \/>\n<meta property=\"og:url\" content=\"https:\/\/annazaragoza.com\/ca\/la-firma\/\" \/>\n<meta property=\"og:site_name\" content=\"Anna Zaragoza\" \/>\n<meta property=\"article:modified_time\" content=\"2026-08-22T20:56:00+00:00\" \/>\n<meta property=\"og:image\" content=\"https:\/\/annazaragoza.com\/wp-content\/uploads\/2026\/08\/hero-la-firma-corregido-1024x576.png\" \/>\n\t<meta property=\"og:image:width\" content=\"1024\" \/>\n\t<meta property=\"og:image:height\" content=\"576\" \/>\n\t<meta property=\"og:image:type\" content=\"image\/png\" \/>\n<meta name=\"twitter:card\" content=\"summary_large_image\" \/>\n<meta name=\"twitter:label1\" content=\"Temps estimat de lectura\" \/>\n\t<meta name=\"twitter:data1\" content=\"2 minuts\" \/>\n<script type=\"application\/ld+json\" class=\"yoast-schema-graph\">{\"@context\":\"https:\\\/\\\/schema.org\",\"@graph\":[{\"@type\":\"WebPage\",\"@id\":\"https:\\\/\\\/annazaragoza.com\\\/ca\\\/la-firma\\\/\",\"url\":\"https:\\\/\\\/annazaragoza.com\\\/ca\\\/la-firma\\\/\",\"name\":\"El despatx - Anna Zaragoza\",\"isPartOf\":{\"@id\":\"https:\\\/\\\/annazaragoza.com\\\/ca\\\/#website\"},\"primaryImageOfPage\":{\"@id\":\"https:\\\/\\\/annazaragoza.com\\\/ca\\\/la-firma\\\/#primaryimage\"},\"image\":{\"@id\":\"https:\\\/\\\/annazaragoza.com\\\/ca\\\/la-firma\\\/#primaryimage\"},\"thumbnailUrl\":\"https:\\\/\\\/annazaragoza.com\\\/wp-content\\\/uploads\\\/2026\\\/08\\\/hero-la-firma-corregido.png\",\"datePublished\":\"2026-07-13T09:43:17+00:00\",\"dateModified\":\"2026-08-22T20:56:00+00:00\",\"breadcrumb\":{\"@id\":\"https:\\\/\\\/annazaragoza.com\\\/ca\\\/la-firma\\\/#breadcrumb\"},\"inLanguage\":\"ca\",\"potentialAction\":[{\"@type\":\"ReadAction\",\"target\":[\"https:\\\/\\\/annazaragoza.com\\\/ca\\\/la-firma\\\/\"]}]},{\"@type\":\"ImageObject\",\"inLanguage\":\"ca\",\"@id\":\"https:\\\/\\\/annazaragoza.com\\\/ca\\\/la-firma\\\/#primaryimage\",\"url\":\"https:\\\/\\\/annazaragoza.com\\\/wp-content\\\/uploads\\\/2026\\\/08\\\/hero-la-firma-corregido.png\",\"contentUrl\":\"https:\\\/\\\/annazaragoza.com\\\/wp-content\\\/uploads\\\/2026\\\/08\\\/hero-la-firma-corregido.png\"},{\"@type\":\"BreadcrumbList\",\"@id\":\"https:\\\/\\\/annazaragoza.com\\\/ca\\\/la-firma\\\/#breadcrumb\",\"itemListElement\":[{\"@type\":\"ListItem\",\"position\":1,\"name\":\"Portada\",\"item\":\"https:\\\/\\\/annazaragoza.com\\\/ca\\\/\"},{\"@type\":\"ListItem\",\"position\":2,\"name\":\"El despatx\"}]},{\"@type\":\"WebSite\",\"@id\":\"https:\\\/\\\/annazaragoza.com\\\/ca\\\/#website\",\"url\":\"https:\\\/\\\/annazaragoza.com\\\/ca\\\/\",\"name\":\"Anna Zaragoza\",\"description\":\"Anna Zaragoza abogada en Barcelona\",\"publisher\":{\"@id\":\"https:\\\/\\\/annazaragoza.com\\\/ca\\\/#organization\"},\"potentialAction\":[{\"@type\":\"SearchAction\",\"target\":{\"@type\":\"EntryPoint\",\"urlTemplate\":\"https:\\\/\\\/annazaragoza.com\\\/ca\\\/?s={search_term_string}\"},\"query-input\":{\"@type\":\"PropertyValueSpecification\",\"valueRequired\":true,\"valueName\":\"search_term_string\"}}],\"inLanguage\":\"ca\"},{\"@type\":\"Organization\",\"@id\":\"https:\\\/\\\/annazaragoza.com\\\/ca\\\/#organization\",\"name\":\"Anna Zaragoza\",\"url\":\"https:\\\/\\\/annazaragoza.com\\\/ca\\\/\",\"logo\":{\"@type\":\"ImageObject\",\"inLanguage\":\"ca\",\"@id\":\"https:\\\/\\\/annazaragoza.com\\\/ca\\\/#\\\/schema\\\/logo\\\/image\\\/\",\"url\":\"https:\\\/\\\/annazaragoza.com\\\/wp-content\\\/uploads\\\/2022\\\/07\\\/cropped-favicon.png\",\"contentUrl\":\"https:\\\/\\\/annazaragoza.com\\\/wp-content\\\/uploads\\\/2022\\\/07\\\/cropped-favicon.png\",\"width\":512,\"height\":512,\"caption\":\"Anna Zaragoza\"},\"image\":{\"@id\":\"https:\\\/\\\/annazaragoza.com\\\/ca\\\/#\\\/schema\\\/logo\\\/image\\\/\"}}]}<\/script>\n<!-- \/ Yoast SEO plugin. -->","yoast_head_json":{"title":"El despatx - Anna Zaragoza","robots":{"index":"index","follow":"follow","max-snippet":"max-snippet:-1","max-image-preview":"max-image-preview:large","max-video-preview":"max-video-preview:-1"},"canonical":"https:\/\/annazaragoza.com\/ca\/la-firma\/","og_locale":"ca_ES","og_type":"article","og_title":"El despatx - Anna Zaragoza","og_description":"Qui som A Anna Zaragoza entenem l&#8217;advocacia com una manera d&#8217;aportar claredat, criteri i seguretat en situacions que exigeixen decisions importants. Abordem cada assumpte amb rigor, atenci\u00f3 al detall i una visi\u00f3 estrat\u00e8gica adaptada a les circumst\u00e0ncies de cada client. El despatx reuneix professionals amb experi\u00e8ncia en diferents \u00e0rees jur\u00eddiques i perfils complementaris, que treballen ... El despatx","og_url":"https:\/\/annazaragoza.com\/ca\/la-firma\/","og_site_name":"Anna Zaragoza","article_modified_time":"2026-08-22T20:56:00+00:00","og_image":[{"width":1024,"height":576,"url":"https:\/\/annazaragoza.com\/wp-content\/uploads\/2026\/08\/hero-la-firma-corregido-1024x576.png","type":"image\/png"}],"twitter_card":"summary_large_image","twitter_misc":{"Temps estimat de lectura":"2 minuts"},"schema":{"@context":"https:\/\/schema.org","@graph":[{"@type":"WebPage","@id":"https:\/\/annazaragoza.com\/ca\/la-firma\/","url":"https:\/\/annazaragoza.com\/ca\/la-firma\/","name":"El despatx - Anna Zaragoza","isPartOf":{"@id":"https:\/\/annazaragoza.com\/ca\/#website"},"primaryImageOfPage":{"@id":"https:\/\/annazaragoza.com\/ca\/la-firma\/#primaryimage"},"image":{"@id":"https:\/\/annazaragoza.com\/ca\/la-firma\/#primaryimage"},"thumbnailUrl":"https:\/\/annazaragoza.com\/wp-content\/uploads\/2026\/08\/hero-la-firma-corregido.png","datePublished":"2026-07-13T09:43:17+00:00","dateModified":"2026-08-22T20:56:00+00:00","breadcrumb":{"@id":"https:\/\/annazaragoza.com\/ca\/la-firma\/#breadcrumb"},"inLanguage":"ca","potentialAction":[{"@type":"ReadAction","target":["https:\/\/annazaragoza.com\/ca\/la-firma\/"]}]},{"@type":"ImageObject","inLanguage":"ca","@id":"https:\/\/annazaragoza.com\/ca\/la-firma\/#primaryimage","url":"https:\/\/annazaragoza.com\/wp-content\/uploads\/2026\/08\/hero-la-firma-corregido.png","contentUrl":"https:\/\/annazaragoza.com\/wp-content\/uploads\/2026\/08\/hero-la-firma-corregido.png"},{"@type":"BreadcrumbList","@id":"https:\/\/annazaragoza.com\/ca\/la-firma\/#breadcrumb","itemListElement":[{"@type":"ListItem","position":1,"name":"Portada","item":"https:\/\/annazaragoza.com\/ca\/"},{"@type":"ListItem","position":2,"name":"El despatx"}]},{"@type":"WebSite","@id":"https:\/\/annazaragoza.com\/ca\/#website","url":"https:\/\/annazaragoza.com\/ca\/","name":"Anna Zaragoza","description":"Anna Zaragoza abogada en Barcelona","publisher":{"@id":"https:\/\/annazaragoza.com\/ca\/#organization"},"potentialAction":[{"@type":"SearchAction","target":{"@type":"EntryPoint","urlTemplate":"https:\/\/annazaragoza.com\/ca\/?s={search_term_string}"},"query-input":{"@type":"PropertyValueSpecification","valueRequired":true,"valueName":"search_term_string"}}],"inLanguage":"ca"},{"@type":"Organization","@id":"https:\/\/annazaragoza.com\/ca\/#organization","name":"Anna Zaragoza","url":"https:\/\/annazaragoza.com\/ca\/","logo":{"@type":"ImageObject","inLanguage":"ca","@id":"https:\/\/annazaragoza.com\/ca\/#\/schema\/logo\/image\/","url":"https:\/\/annazaragoza.com\/wp-content\/uploads\/2022\/07\/cropped-favicon.png","contentUrl":"https:\/\/annazaragoza.com\/wp-content\/uploads\/2022\/07\/cropped-favicon.png","width":512,"height":512,"caption":"Anna Zaragoza"},"image":{"@id":"https:\/\/annazaragoza.com\/ca\/#\/schema\/logo\/image\/"}}]}},"_links":{"self":[{"href":"https:\/\/annazaragoza.com\/ca\/wp-json\/wp\/v2\/pages\/2638","targetHints":{"allow":["GET"]}}],"collection":[{"href":"https:\/\/annazaragoza.com\/ca\/wp-json\/wp\/v2\/pages"}],"about":[{"href":"https:\/\/annazaragoza.com\/ca\/wp-json\/wp\/v2\/types\/page"}],"replies":[{"embeddable":true,"href":"https:\/\/annazaragoza.com\/ca\/wp-json\/wp\/v2\/comments?post=2638"}],"version-history":[{"count":1,"href":"https:\/\/annazaragoza.com\/ca\/wp-json\/wp\/v2\/pages\/2638\/revisions"}],"predecessor-version":[{"id":2640,"href":"https:\/\/annazaragoza.com\/ca\/wp-json\/wp\/v2\/pages\/2638\/revisions\/2640"}],"wp:attachment":[{"href":"https:\/\/annazaragoza.com\/ca\/wp-json\/wp\/v2\/media?parent=2638"}],"curies":[{"name":"wp","href":"https:\/\/api.w.org\/{rel}","templated":true}]}}