{"id":2656,"date":"2026-07-07T10:31:37","date_gmt":"2026-07-07T10:31:37","guid":{"rendered":"http:\/\/webanna.local\/?page_id=2656"},"modified":"2026-08-23T11:59:40","modified_gmt":"2026-08-23T11:59:40","slug":"defensa-penal","status":"publish","type":"page","link":"https:\/\/annazaragoza.com\/ca\/defensa-penal\/","title":{"rendered":"Defensa penal"},"content":{"rendered":"\n<div class=\"wp-block-group pagina-penal\"><div class=\"wp-block-group__inner-container is-layout-flow wp-block-group-is-layout-flow\">\n<div class=\"wp-block-cover is-light litigation-hero penal-hero az-shared-hero\"><img decoding=\"async\" width=\"1024\" height=\"576\" class=\"wp-block-cover__image-background wp-image-2592 size-large\" alt=\"\" src=\"https:\/\/annazaragoza.com\/wp-content\/uploads\/2026\/08\/hero-defensa-penal-2-1024x576.png\" data-object-fit=\"cover\" srcset=\"https:\/\/annazaragoza.com\/wp-content\/uploads\/2026\/08\/hero-defensa-penal-2-1024x576.png 1024w, https:\/\/annazaragoza.com\/wp-content\/uploads\/2026\/08\/hero-defensa-penal-2-300x169.png 300w, https:\/\/annazaragoza.com\/wp-content\/uploads\/2026\/08\/hero-defensa-penal-2.png 1672w\" sizes=\"(max-width: 1024px) 100vw, 1024px\" \/><span aria-hidden=\"true\" class=\"wp-block-cover__background has-background-dim\" style=\"background-color:#8d8277\"><\/span><div class=\"wp-block-cover__inner-container is-layout-constrained wp-block-cover-is-layout-constrained\">\n<h1 class=\"wp-block-heading litigation-hero-title\">Defensa penal<\/h1>\n\n\n\n<hr class=\"wp-block-separator has-alpha-channel-opacity az-shared-hero__line\"\/>\n\n\n\n<p class=\"wp-block-paragraph\">Assumim la defensa penal amb rigor, discreci\u00f3 i una estrat\u00e8gia adaptada a cada procediment, protegint els drets i interessos dels nostres clients.<\/p>\n<\/div><\/div>\n\n\n\n<div class=\"wp-block-group penal-intro litigation-intro litigation-initial\"><div class=\"wp-block-group__inner-container is-layout-flow wp-block-group-is-layout-flow\">\n<nav class=\"litigation-breadcrumb az-practice-breadcrumb\" aria-label=\"Migas de pan\"><a href=\"\/areas-de-practica\/\">\u00c0rees de pr\u00e0ctica<\/a><span aria-hidden=\"true\"> \/ <\/span><a href=\"\/litigacion-y-defensa\/\">Litigaci\u00f3 i defensa<\/a><span aria-hidden=\"true\"> \/ <\/span><span aria-current=\"page\">Defensa penal<\/span><\/nav>\n\n\n\n<div class=\"wp-block-group penal-intro-grid litigation-initial-grid\"><div class=\"wp-block-group__inner-container is-layout-flow wp-block-group-is-layout-flow\">\n<div class=\"wp-block-group penal-intro-copy litigation-initial-copy\"><div class=\"wp-block-group__inner-container is-layout-flow wp-block-group-is-layout-flow\">\n<h2 class=\"wp-block-heading penal-intro-title\">\u00c0rea de Dret Penal<\/h2>\n\n\n\n<p class=\"wp-block-paragraph\">Quan les situacions es compliquen, \u00e9s de vital import\u00e0ncia comptar amb l&#8217;assessorament de veritables professionals del dret. Advocats especialistes en dret penal a Barcelona que defensin els seus interessos, personals i patrimonials, assumint tant la posici\u00f3 d&#8217;acusaci\u00f3 particular com la de defensa.<\/p>\n\n\n\n<p class=\"wp-block-paragraph\">Al nostre despatx d&#8217;advocats a Barcelona prestem assist\u00e8ncia jur\u00eddica de qualitat a particulars i empreses, tant en tipus delictius de l&#8217;anomenat dret penal tradicional com en altres branques espec\u00edfiques del dret penal que, atesa la complexitat i les dimensions que ha adquirit en el nostre sistema jur\u00eddic, requereixen una elevada especialitzaci\u00f3 t\u00e8cnica. La millor garantia d&#8217;\u00e8xit d&#8217;un proc\u00e9s penal \u00e9s comptar amb una defensa jur\u00eddica excel\u00b7lent; per aix\u00f2, si es troba en una d&#8217;aquestes situacions, contacti amb els nostres experts advocats penalistes a Barcelona.<\/p>\n<\/div><\/div>\n\n\n\n<figure class=\"wp-block-image size-large penal-intro-image litigation-initial-image\"><img decoding=\"async\" width=\"1024\" height=\"768\" src=\"https:\/\/annazaragoza.com\/wp-content\/uploads\/2026\/08\/defensa-penal-texto-2-1024x768.png\" alt=\"\" class=\"wp-image-2563\" srcset=\"https:\/\/annazaragoza.com\/wp-content\/uploads\/2026\/08\/defensa-penal-texto-2-1024x768.png 1024w, https:\/\/annazaragoza.com\/wp-content\/uploads\/2026\/08\/defensa-penal-texto-2-300x225.png 300w, https:\/\/annazaragoza.com\/wp-content\/uploads\/2026\/08\/defensa-penal-texto-2.png 1448w\" sizes=\"(max-width: 1024px) 100vw, 1024px\" \/><\/figure>\n<\/div><\/div>\n<\/div><\/div>\n\n\n\n<p class=\"has-text-align-center litigation-intro-note penal-intro-note wp-block-paragraph\">Cada procediment penal exigeix una estrat\u00e8gia pr\u00f2pia, constru\u00efda sobre els fets, la prova i la protecci\u00f3 dels drets i interessos en joc.<\/p>\n\n\n\n<div class=\"wp-block-group penal-area-presentation\"><div class=\"wp-block-group__inner-container is-layout-flow wp-block-group-is-layout-flow\">\n<h2 class=\"wp-block-heading penal-area-presentation-title\"><strong>En quin procediment penal podem ajudar-lo?<\/strong><\/h2>\n\n\n\n<p class=\"penal-area-presentation-context wp-block-paragraph\">Intervenim en procediments penals de naturalesa diversa, tant en defensa com en acusaci\u00f3 particular, prestant assist\u00e8ncia des de les primeres dilig\u00e8ncies fins a la resoluci\u00f3 de l&#8217;assumpte.<\/p>\n<\/div><\/div>\n\n\n\n<div class=\"wp-block-group litigation-layout\"><div class=\"wp-block-group__inner-container is-layout-flow wp-block-group-is-layout-flow\">\n<div class=\"wp-block-group litigation-layout-grid\"><div class=\"wp-block-group__inner-container is-layout-flow wp-block-group-is-layout-flow\">\n<nav class=\"wp-block-group litigation-side-navigation\"><div class=\"wp-block-group__inner-container is-layout-flow wp-block-group-is-layout-flow\">\n<ul class=\"wp-block-list litigation-side-navigation-list\">\n<li><a href=\"#DELITOS-CONTRA-LA-ADMINISTARCI\u00d3N-P\u00daBLICA\">DELICTES CONTRA L&#8217;ADMINISTRACI\u00d3 P\u00daBLICA<\/a><\/li>\n\n\n\n<li><a href=\"#DELITOS-DE-FALSEDADES\">DELICTES DE FALSEDAT<\/a><\/li>\n\n\n\n<li><a href=\"#DELITOS-CONTRA-LOS-DERECHOS-DE-LOS-TRABAJADORES\">DELICTES CONTRA ELS DRETS DELS TREBALLADORS<\/a><\/li>\n\n\n\n<li><a href=\"#DELITOS-CONTRA-LA-HACIENDA-P\u00daBLICA-Y-LA-SEGURIDAD-SOCIAL\">DELICTES CONTRA LA HISENDA P\u00daBLICA I LA SEGURETAT SOCIAL<\/a><\/li>\n\n\n\n<li><a href=\"#DELITOS-CONTRA-LA-SEGURIDAD-COLECTIVA\">DELICTES CONTRA LA SEGURETAT COL\u00b7LECTIVA<\/a><\/li>\n\n\n\n<li><a href=\"#DELITOS-CONTRA-EL-HONOR\">DELICTES CONTRA L&#8217;HONOR<\/a><\/li>\n\n\n\n<li><a href=\"#DELITOS-DE-FINANCIACI\u00d3N-ILEGAL-DE-PARTIDOS-POL\u00cdTICOS\">DELICTES DE FINAN\u00c7AMENT IL\u00b7LEGAL DE PARTITS POL\u00cdTICS<\/a><\/li>\n\n\n\n<li><a href=\"#DELITOS-CONTRA-LA-INTIMIDAD,-EL-DERECHO-DE-LA-PROPIA-IMAGEN-E-INVIOLABILIDAD-DE-DOMICILIO\">DELICTES CONTRA LA INTIMITAT, EL DRET A LA PR\u00d2PIA IMATGE I LA INVIOLABILITAT DEL DOMICILI<\/a><\/li>\n\n\n\n<li><a href=\"#DELITOS-CONTRA-LA-ADMINISTRACI\u00d3N-DE-JUSTICIA\">DELICTES CONTRA L&#8217;ADMINISTRACI\u00d3 DE JUST\u00cdCIA<\/a><\/li>\n\n\n\n<li><a href=\"#DELITOS-CONTRA-EL-PATRIMONIO-Y-EL-ORDEN-SOCIOECON\u00d3MICO\">DELICTES CONTRA EL PATRIMONI I L&#8217;ORDRE SOCIOECON\u00d2MIC<\/a><\/li>\n\n\n\n<li><a href=\"#DELITOS-RELATIVOS-A-LA-ORDENACI\u00d3N-DEL-TERRITORIO-Y-EL-URBANISMO,-LA-PROTECCI\u00d3N-DEL-PATRIMONIO-HIST\u00d3RICO-Y-EL-MEDIO-AMBIENTE\">DELICTES RELATIUS A L&#8217;ORDENACI\u00d3 DEL TERRITORI I L&#8217;URBANISME, LA PROTECCI\u00d3 DEL PATRIMONI HIST\u00d2RIC I EL MEDI AMBIENT<\/a><\/li>\n<\/ul>\n<\/div><\/nav>\n\n\n\n<div class=\"wp-block-group litigation-areas\"><div class=\"wp-block-group__inner-container is-layout-flow wp-block-group-is-layout-flow\">\n<div id=\"DELITOS-CONTRA-LA-ADMINISTARCI\u00d3N-P\u00daBLICA\" class=\"wp-block-group litigation-area litigation-area-1\"><div class=\"wp-block-group__inner-container is-layout-flow wp-block-group-is-layout-flow\">\n<h2 class=\"wp-block-heading litigation-area-heading\">DELICTES CONTRA L&#8217;ADMINISTRACI\u00d3 P\u00daBLICA<\/h2>\n\n\n\n<div class=\"wp-block-buttons litigation-tabs is-layout-flex wp-block-buttons-is-layout-flex\">\n<div class=\"wp-block-button litigation-tab\"><a class=\"wp-block-button__link wp-element-button\" href=\"#penal-area-1-panel-1\">Prevaricaci\u00f3<\/a><\/div>\n\n\n\n<div class=\"wp-block-button litigation-tab\"><a class=\"wp-block-button__link wp-element-button\" href=\"#penal-area-1-panel-2\">Nomenaments il\u00b7legals<\/a><\/div>\n\n\n\n<div class=\"wp-block-button litigation-tab\"><a class=\"wp-block-button__link wp-element-button\" href=\"#penal-area-1-panel-3\">Abandonament de destinaci\u00f3<\/a><\/div>\n\n\n\n<div class=\"wp-block-button litigation-tab\"><a class=\"wp-block-button__link wp-element-button\" href=\"#penal-area-1-panel-4\">Omissi\u00f3 del deure de perseguir delictes<\/a><\/div>\n\n\n\n<div class=\"wp-block-button litigation-tab\"><a class=\"wp-block-button__link wp-element-button\" href=\"#penal-area-1-panel-5\">Abandonament col\u00b7lectiu del servei p\u00fablic<\/a><\/div>\n\n\n\n<div class=\"wp-block-button litigation-tab\"><a class=\"wp-block-button__link wp-element-button\" href=\"#penal-area-1-panel-6\">Desobedi\u00e8ncia<\/a><\/div>\n\n\n\n<div class=\"wp-block-button litigation-tab\"><a class=\"wp-block-button__link wp-element-button\" href=\"#penal-area-1-panel-7\">Denegaci\u00f3 d&#8217;auxili<\/a><\/div>\n\n\n\n<div class=\"wp-block-button litigation-tab\"><a class=\"wp-block-button__link wp-element-button\" href=\"#penal-area-1-panel-8\">Delicte d&#8217;infidelitat en la cust\u00f2dia de documents<\/a><\/div>\n\n\n\n<div class=\"wp-block-button litigation-tab\"><a class=\"wp-block-button__link wp-element-button\" href=\"#penal-area-1-panel-9\">Violaci\u00f3 de secrets<\/a><\/div>\n\n\n\n<div class=\"wp-block-button litigation-tab\"><a class=\"wp-block-button__link wp-element-button\" href=\"#penal-area-1-panel-10\">Suborn<\/a><\/div>\n\n\n\n<div class=\"wp-block-button litigation-tab\"><a class=\"wp-block-button__link wp-element-button\" href=\"#penal-area-1-panel-11\">Tr\u00e0fic d&#8217;influ\u00e8ncies<\/a><\/div>\n\n\n\n<div class=\"wp-block-button litigation-tab\"><a class=\"wp-block-button__link wp-element-button\" href=\"#penal-area-1-panel-12\">Malversaci\u00f3 de fons p\u00fablics<\/a><\/div>\n\n\n\n<div class=\"wp-block-button litigation-tab\"><a class=\"wp-block-button__link wp-element-button\" href=\"#penal-area-1-panel-13\">Fraus i exaccions il\u00b7legals<\/a><\/div>\n\n\n\n<div class=\"wp-block-button litigation-tab\"><a class=\"wp-block-button__link wp-element-button\" href=\"#penal-area-1-panel-14\">Negociacions i activitats prohibides als funcionaris p\u00fablics<\/a><\/div>\n\n\n\n<div class=\"wp-block-button litigation-tab\"><a class=\"wp-block-button__link wp-element-button\" href=\"#penal-area-1-panel-15\">Aprofitament abusiu de la funci\u00f3 p\u00fablica<\/a><\/div>\n<\/div>\n\n\n\n<div class=\"wp-block-group litigation-tab-panels\"><div class=\"wp-block-group__inner-container is-layout-flow wp-block-group-is-layout-flow\">\n<div id=\"penal-area-1-panel-1\" class=\"wp-block-group litigation-tab-panel\"><div class=\"wp-block-group__inner-container is-layout-flow wp-block-group-is-layout-flow\">\n<h3 class=\"wp-block-heading litigation-tab-panel-title\">Prevaricaci\u00f3<\/h3>\n\n\n\n<p class=\"wp-block-paragraph\">Castiga l&#8217;autoritat o el funcionari p\u00fablic que, sabent-ne la injust\u00edcia, dicti una resoluci\u00f3 arbitr\u00e0ria en un assumpte administratiu (art. 404 del Codi penal).<\/p>\n<\/div><\/div>\n\n\n\n<div id=\"penal-area-1-panel-2\" class=\"wp-block-group litigation-tab-panel\"><div class=\"wp-block-group__inner-container is-layout-flow wp-block-group-is-layout-flow\">\n<h3 class=\"wp-block-heading litigation-tab-panel-title\">Nomenaments il\u00b7legals<\/h3>\n\n\n\n<p class=\"wp-block-paragraph\">Consideren delicte els nomenaments il\u00b7legals i castiguen tant la conducta activa de qui fa el nomenament com la passiva de qui el rep (arts. 405 i 406 del Codi penal).<\/p>\n<\/div><\/div>\n\n\n\n<div id=\"penal-area-1-panel-3\" class=\"wp-block-group litigation-tab-panel\"><div class=\"wp-block-group__inner-container is-layout-flow wp-block-group-is-layout-flow\">\n<h3 class=\"wp-block-heading litigation-tab-panel-title\">Abandonament de destinaci\u00f3<\/h3>\n\n\n\n<p class=\"wp-block-paragraph\">Castiguen l&#8217;autoritat o el funcionari p\u00fablic que cometi les accions seg\u00fcents i amb les penes seg\u00fcents (arts. 407 i 408 del Codi penal):\n<br>\n<br>\nQui abandoni la seva destinaci\u00f3 amb el prop\u00f2sit de no impedir o no perseguir qualsevol dels delictes compresos en els t\u00edtols XXI, XXII, XXIII i XXIV del Codi penal (delictes contra la Constituci\u00f3, contra l&#8217;ordre p\u00fablic, de tra\u00efci\u00f3, contra la pau, la independ\u00e8ncia de l&#8217;Estat, contra la defensa nacional i contra la Comunitat Internacional).\n<br>\n<br>\nQui abandoni la seva destinaci\u00f3 per no impedir o no perseguir qualsevol altre delicte.\n<br>\n<br>\nQuan l&#8217;abandonament tingui per objecte no executar les penes corresponents a aquests delictes imposades per l&#8217;autoritat judicial competent.<\/p>\n<\/div><\/div>\n\n\n\n<div id=\"penal-area-1-panel-4\" class=\"wp-block-group litigation-tab-panel\"><div class=\"wp-block-group__inner-container is-layout-flow wp-block-group-is-layout-flow\">\n<h3 class=\"wp-block-heading litigation-tab-panel-title\">Omissi\u00f3 del deure de perseguir delictes<\/h3>\n\n\n\n<p class=\"wp-block-paragraph\">Castiga l&#8217;autoritat o el funcionari p\u00fablic que, incomplint l&#8217;obligaci\u00f3 pr\u00f2pia del seu c\u00e0rrec, deixi intencionadament de promoure la persecuci\u00f3 dels delictes dels quals tingui not\u00edcia o dels seus responsables (art. 408 del Codi penal).<\/p>\n<\/div><\/div>\n\n\n\n<div id=\"penal-area-1-panel-5\" class=\"wp-block-group litigation-tab-panel\"><div class=\"wp-block-group__inner-container is-layout-flow wp-block-group-is-layout-flow\">\n<h3 class=\"wp-block-heading litigation-tab-panel-title\">Abandonament col\u00b7lectiu del servei p\u00fablic<\/h3>\n\n\n\n<p class=\"wp-block-paragraph\">Castiga l&#8217;autoritat o el funcionari p\u00fablic que promogui, dirigeixi o organitzi l&#8217;abandonament col\u00b7lectiu i manifestament il\u00b7legal d&#8217;un servei p\u00fablic (art. 409 del Codi penal).<\/p>\n<\/div><\/div>\n\n\n\n<div id=\"penal-area-1-panel-6\" class=\"wp-block-group litigation-tab-panel\"><div class=\"wp-block-group__inner-container is-layout-flow wp-block-group-is-layout-flow\">\n<h3 class=\"wp-block-heading litigation-tab-panel-title\">Desobedi\u00e8ncia<\/h3>\n\n\n\n<p class=\"wp-block-paragraph\">En els quals es preveuen diverses conductes de desobedi\u00e8ncia (arts. 410 i 411 del Codi penal):\n<br>\n<br>\nLa de les autoritats o funcionaris p\u00fablics que es neguin obertament a donar el compliment degut a resolucions judicials, decisions o ordres de l&#8217;autoritat superior, dictades dins l&#8217;\u00e0mbit de la seva compet\u00e8ncia respectiva i revestides de les formalitats legals. En queda excl\u00f2s el sup\u00f2sit en qu\u00e8 el mandat constitueixi una infracci\u00f3 manifesta, clara i terminant d&#8217;un precepte de llei o de qualsevol altra disposici\u00f3 general.\n<br>\n<br>\nLa de l&#8217;autoritat o funcionari p\u00fablic que, havent susp\u00e8s, per qualsevol motiu que no sigui el d&#8217;il\u00b7legalitat manifesta abans indicat, l&#8217;execuci\u00f3 de les ordres dels seus superiors, les desobeeixi despr\u00e9s que aquests hagin desaprovat la suspensi\u00f3.<\/p>\n<\/div><\/div>\n\n\n\n<div id=\"penal-area-1-panel-7\" class=\"wp-block-group litigation-tab-panel\"><div class=\"wp-block-group__inner-container is-layout-flow wp-block-group-is-layout-flow\">\n<h3 class=\"wp-block-heading litigation-tab-panel-title\">Denegaci\u00f3 d&#8217;auxili<\/h3>\n\n\n\n<p class=\"wp-block-paragraph\">Castiga (arts. 410 i 411 del Codi penal):\n<br>\n<br>\nEl funcionari p\u00fablic que, requerit per l&#8217;autoritat competent, no presti l&#8217;auxili degut per a l&#8217;Administraci\u00f3 de just\u00edcia o un altre servei p\u00fablic.\n<br>\n<br>\nL&#8217;autoritat o funcionari p\u00fablic que, requerit per un particular per prestar algun auxili al qual estigui obligat per ra\u00f3 del seu c\u00e0rrec per evitar un delicte contra la vida de les persones, s&#8217;abstingui de prestar-lo.<\/p>\n<\/div><\/div>\n\n\n\n<div id=\"penal-area-1-panel-8\" class=\"wp-block-group litigation-tab-panel\"><div class=\"wp-block-group__inner-container is-layout-flow wp-block-group-is-layout-flow\">\n<h3 class=\"wp-block-heading litigation-tab-panel-title\">Delicte d&#8217;infidelitat en la cust\u00f2dia de documents<\/h3>\n\n\n\n<p class=\"wp-block-paragraph\">Castiga l&#8217;autoritat o el funcionari p\u00fablic per determinades conductes relatives als documents que li han estat confiats per ra\u00f3 del seu c\u00e0rrec (art. 413 del Codi penal).<\/p>\n<\/div><\/div>\n\n\n\n<div id=\"penal-area-1-panel-9\" class=\"wp-block-group litigation-tab-panel\"><div class=\"wp-block-group__inner-container is-layout-flow wp-block-group-is-layout-flow\">\n<h3 class=\"wp-block-heading litigation-tab-panel-title\">Violaci\u00f3 de secrets<\/h3>\n\n\n\n<p class=\"wp-block-paragraph\">Castiga (arts. 414 a 418 del Codi penal):\n<br>\n<br>\nL&#8217;autoritat o funcionari p\u00fablic que, per ra\u00f3 del seu c\u00e0rrec, tingui encomanada la cust\u00f2dia de documents respecte dels quals l&#8217;autoritat competent hagi restringit l&#8217;acc\u00e9s i que, sabent-ho, destrueixi o inutilitzi els mitjans disposats per impedir aquest acc\u00e9s o consenti que una altra persona els destrueixi o inutilitzi. \u00c9s una conducta mixta d&#8217;infidelitat en la cust\u00f2dia de documents i de revelaci\u00f3 de secrets.\n<br>\n<br>\nL&#8217;autoritat o funcionari p\u00fablic no compr\u00e8s en l&#8217;article anterior que, sabent-ho i sense l&#8217;autoritzaci\u00f3 deguda, accedeixi o permeti accedir a documents secrets la cust\u00f2dia dels quals li estigui confiada per ra\u00f3 del seu c\u00e0rrec. T\u00e9 tamb\u00e9 aquest car\u00e0cter mixt abans esmentat i \u00e9s una conducta subsidi\u00e0ria de l&#8217;anterior.\n<br>\n<br>\nL&#8217;autoritat o funcionari p\u00fablic que reveli secrets o informacions dels quals tingui coneixement per ra\u00f3 del seu ofici o c\u00e0rrec i que no hagin de ser divulgats. Es refereix tant als secrets oficials com als secrets privats d&#8217;un particular, dels quals t\u00e9 coneixement no per la seva vida privada, sin\u00f3 per ra\u00f3 de la seva funci\u00f3 p\u00fablica.\n<br>\n<br>\nEl particular que aprofiti per a si mateix o per a un tercer el secret o la informaci\u00f3 privilegiada que hagi obtingut d&#8217;un funcionari p\u00fablic o autoritat.<\/p>\n<\/div><\/div>\n\n\n\n<div id=\"penal-area-1-panel-10\" class=\"wp-block-group litigation-tab-panel\"><div class=\"wp-block-group__inner-container is-layout-flow wp-block-group-is-layout-flow\">\n<h3 class=\"wp-block-heading litigation-tab-panel-title\">Suborn<\/h3>\n\n\n\n<p class=\"wp-block-paragraph\">Es tipifica un dels delictes m\u00e9s greus en qu\u00e8 pot inc\u00f3rrer l&#8217;autoritat o el funcionari p\u00fablic, el suborn (arts. 419 a 427 del Codi penal). Pot ser suborn passiu (com\u00e8s per un funcionari), suborn passiu impropi o suborn actiu (com\u00e8s per un particular).\n<br>\n<br>\nCom a subjectes actius d&#8217;aquest delicte hi ha no nom\u00e9s les autoritats o funcionaris p\u00fablics sin\u00f3 tamb\u00e9, at\u00e8s que a aquests efectes se&#8217;ls considera funcionaris p\u00fablics, els jurats, \u00e0rbitres nacionals i internacionals, aix\u00ed com mediadors, perits, administradors concursals o qualsevol persona que participi en l&#8217;exercici de la funci\u00f3 p\u00fablica.<\/p>\n<\/div><\/div>\n\n\n\n<div id=\"penal-area-1-panel-11\" class=\"wp-block-group litigation-tab-panel\"><div class=\"wp-block-group__inner-container is-layout-flow wp-block-group-is-layout-flow\">\n<h3 class=\"wp-block-heading litigation-tab-panel-title\">Tr\u00e0fic d&#8217;influ\u00e8ncies<\/h3>\n\n\n\n<p class=\"wp-block-paragraph\">Castiguen una s\u00e8rie de conductes que pretenen evitar la desviaci\u00f3 de l&#8217;inter\u00e8s general cap als interessos particulars, garantint la imparcialitat de l&#8217;Administraci\u00f3 p\u00fablica (arts. 428 a 430 del Codi penal).<\/p>\n<\/div><\/div>\n\n\n\n<div id=\"penal-area-1-panel-12\" class=\"wp-block-group litigation-tab-panel\"><div class=\"wp-block-group__inner-container is-layout-flow wp-block-group-is-layout-flow\">\n<h3 class=\"wp-block-heading litigation-tab-panel-title\">Malversaci\u00f3 de fons p\u00fablics<\/h3>\n\n\n\n<p class=\"wp-block-paragraph\">Castiga l&#8217;autoritat o el funcionari p\u00fablic en el sentit definit anteriorment. Tanmateix, tamb\u00e9 poden ser autors d&#8217;aquest delicte particulars que estiguin encarregats, per qualsevol concepte, de fons, rendes o efectes de les administracions p\u00fabliques, els particulars designats com a dipositaris de cabals o efectes p\u00fablics, o els administradors concursals en relaci\u00f3 amb la massa concursal o els interessos econ\u00f2mics dels creditors. Tamb\u00e9 els administradors o dipositaris dels diners o b\u00e9ns que es trobin embargats o dipositats als quals s&#8217;ha fet refer\u00e8ncia en l&#8217;apartat anterior (arts. 432 a 435 del Codi penal).\n<br>\n<br>\nAix\u00ed mateix, la reforma del CODI PENAL operada per la LO 7\/2012 inclou un nou article 433 bis que recull dues conductes noves: la de l&#8217;autoritat o funcionari que falsegi la comptabilitat, els documents o la informaci\u00f3 rellevant des d&#8217;un punt de vista econ\u00f2mic, fora dels sup\u00f2sits previstos en l&#8217;art. 390 del CODI PENAL (art. 433 bis 1 del Codi penal), o faciliti a tercers la informaci\u00f3 o els documents falsos (art. 433 bis 2 del Codi penal).<\/p>\n<\/div><\/div>\n\n\n\n<div id=\"penal-area-1-panel-13\" class=\"wp-block-group litigation-tab-panel\"><div class=\"wp-block-group__inner-container is-layout-flow wp-block-group-is-layout-flow\">\n<h3 class=\"wp-block-heading litigation-tab-panel-title\">Fraus i exaccions il\u00b7legals<\/h3>\n\n\n\n<p class=\"wp-block-paragraph\">Regula una s\u00e8rie de delictes que podem agrupar, d&#8217;acord amb el nom del cap\u00edtol, entorn del terme fraus i exaccions il\u00b7legals (arts. 436 a 438 del Codi penal).<\/p>\n<\/div><\/div>\n\n\n\n<div id=\"penal-area-1-panel-14\" class=\"wp-block-group litigation-tab-panel\"><div class=\"wp-block-group__inner-container is-layout-flow wp-block-group-is-layout-flow\">\n<h3 class=\"wp-block-heading litigation-tab-panel-title\">Negociacions i activitats prohibides als funcionaris p\u00fablics<\/h3>\n\n\n\n<p class=\"wp-block-paragraph\">Preveu una s\u00e8rie de conductes en qu\u00e8 el b\u00e9 jur\u00eddic protegit \u00e9s garantir la imparcialitat de l&#8217;Administraci\u00f3 respecte dels negocis privats (arts. 439 a 442 del Codi penal).<\/p>\n<\/div><\/div>\n\n\n\n<div id=\"penal-area-1-panel-15\" class=\"wp-block-group litigation-tab-panel\"><div class=\"wp-block-group__inner-container is-layout-flow wp-block-group-is-layout-flow\">\n<h3 class=\"wp-block-heading litigation-tab-panel-title\">Aprofitament abusiu de la funci\u00f3 p\u00fablica<\/h3>\n\n\n\n<p class=\"wp-block-paragraph\">Es preveuen unes conductes desenvolupades per l&#8217;autoritat o funcionari p\u00fablic per cometre determinats actes contra la llibertat sexual, fet que comporta que l&#8217;autor respongui per l&#8217;atac a la llibertat sexual (vegeu Delictes contra la llibertat i indemnitat sexuals) amb les mateixes penes que un particular i, a m\u00e9s, amb les penes previstes en aquests preceptes per l&#8217;afectaci\u00f3 que el fet suposa per al correcte funcionament de l&#8217;Administraci\u00f3 p\u00fablica (arts. 443 i 444 del Codi penal).<\/p>\n<\/div><\/div>\n<\/div><\/div>\n<\/div><\/div>\n\n\n\n<div id=\"DELITOS-DE-FALSEDADES\" class=\"wp-block-group litigation-area litigation-area-2\"><div class=\"wp-block-group__inner-container is-layout-flow wp-block-group-is-layout-flow\">\n<h2 class=\"wp-block-heading litigation-area-heading\">DELICTES DE FALSEDAT<\/h2>\n\n\n\n<div class=\"wp-block-buttons litigation-tabs is-layout-flex wp-block-buttons-is-layout-flex\">\n<div class=\"wp-block-button litigation-tab\"><a class=\"wp-block-button__link wp-element-button\" href=\"#penal-area-2-panel-16\">Falsificaci\u00f3 de moneda i efectes timbrats<\/a><\/div>\n\n\n\n<div class=\"wp-block-button litigation-tab\"><a class=\"wp-block-button__link wp-element-button\" href=\"#penal-area-2-panel-17\">Falsedats documentals<\/a><\/div>\n\n\n\n<div class=\"wp-block-button litigation-tab\"><a class=\"wp-block-button__link wp-element-button\" href=\"#penal-area-2-panel-18\">Usurpaci\u00f3 de l&#8217;estat civil<\/a><\/div>\n\n\n\n<div class=\"wp-block-button litigation-tab\"><a class=\"wp-block-button__link wp-element-button\" href=\"#penal-area-2-panel-19\">Usurpaci\u00f3 de funcions p\u00fabliques i intrusisme<\/a><\/div>\n<\/div>\n\n\n\n<div class=\"wp-block-group litigation-tab-panels\"><div class=\"wp-block-group__inner-container is-layout-flow wp-block-group-is-layout-flow\">\n<div id=\"penal-area-2-panel-16\" class=\"wp-block-group litigation-tab-panel\"><div class=\"wp-block-group__inner-container is-layout-flow wp-block-group-is-layout-flow\">\n<h3 class=\"wp-block-heading litigation-tab-panel-title\">Falsificaci\u00f3 de moneda i efectes timbrats<\/h3>\n\n\n\n<p class=\"wp-block-paragraph\">Es protegeix la seguretat del tr\u00e0fic monetari i del sistema de pagaments realitzat mitjan\u00e7ant monedes de curs legal, aix\u00ed com les persones que resulten perjudicades per la recepci\u00f3 de moneda falsa (arts. 386 a 389 del Codi penal).<\/p>\n<\/div><\/div>\n\n\n\n<div id=\"penal-area-2-panel-17\" class=\"wp-block-group litigation-tab-panel\"><div class=\"wp-block-group__inner-container is-layout-flow wp-block-group-is-layout-flow\">\n<h3 class=\"wp-block-heading litigation-tab-panel-title\">Falsedats documentals<\/h3>\n\n\n\n<p class=\"wp-block-paragraph\">Es protegeix la fe i la seguretat en el tr\u00e0fic jur\u00eddic, evitant que accedeixin a la vida civil o mercantil elements probatoris falsos que puguin alterar la realitat jur\u00eddica de manera perjudicial per a les parts afectades (arts. 390 a 399 del Codi penal).<\/p>\n<\/div><\/div>\n\n\n\n<div id=\"penal-area-2-panel-18\" class=\"wp-block-group litigation-tab-panel\"><div class=\"wp-block-group__inner-container is-layout-flow wp-block-group-is-layout-flow\">\n<h3 class=\"wp-block-heading litigation-tab-panel-title\">Usurpaci\u00f3 de l&#8217;estat civil<\/h3>\n\n\n\n<p class=\"wp-block-paragraph\">Castiga la falsedat per la qual una persona fingeix ser una altra persona real i veritable, suplantant-ne la filiaci\u00f3, la paternitat, els drets conjugals i tots els altres elements que integren l&#8217;\u00abestat civil\u00bb, amb la clara intenci\u00f3 d&#8217;utilitzar els seus drets per obtenir un benefici o causar algun dany (art. 401 del Codi penal)<\/p>\n<\/div><\/div>\n\n\n\n<div id=\"penal-area-2-panel-19\" class=\"wp-block-group litigation-tab-panel\"><div class=\"wp-block-group__inner-container is-layout-flow wp-block-group-is-layout-flow\">\n<h3 class=\"wp-block-heading litigation-tab-panel-title\">Usurpaci\u00f3 de funcions p\u00fabliques i intrusisme<\/h3>\n\n\n\n<p class=\"wp-block-paragraph\">Castiga l&#8217;exercici il\u00b7leg\u00edtim d&#8217;actes propis d&#8217;una autoritat o funcionari p\u00fablic atribuint-se car\u00e0cter oficial. Sanciona l&#8217;\u00fas p\u00fablic i indegut d&#8217;uniforme, vestit o ins\u00edgnia que atribueixin car\u00e0cter oficial, sense estar-hi autoritzat. Castiga l&#8217;exercici d&#8217;actes propis d&#8217;una professi\u00f3 (art. 401 del Codi penal):\n<br>\n<br>\nSense posseir el t\u00edtol acad\u00e8mic corresponent expedit o reconegut a Espanya d&#8217;acord amb la legislaci\u00f3 vigent.\n<br>\n<br>\nSense posseir un t\u00edtol oficial que acrediti la capacitaci\u00f3 necess\u00e0ria i habiliti legalment per al seu exercici quan l&#8217;exercici de la professi\u00f3 ho requereixi.<\/p>\n<\/div><\/div>\n<\/div><\/div>\n<\/div><\/div>\n\n\n\n<div id=\"DELITOS-CONTRA-LOS-DERECHOS-DE-LOS-TRABAJADORES\" class=\"wp-block-group litigation-area litigation-area-3\"><div class=\"wp-block-group__inner-container is-layout-flow wp-block-group-is-layout-flow\">\n<h2 class=\"wp-block-heading litigation-area-heading\">DELICTES CONTRA ELS DRETS DELS TREBALLADORS<\/h2>\n\n\n\n<div class=\"wp-block-buttons litigation-tabs is-layout-flex wp-block-buttons-is-layout-flex\">\n<div class=\"wp-block-button litigation-tab\"><a class=\"wp-block-button__link wp-element-button\" href=\"#penal-area-3-panel-20\">Delictes d&#8217;imposici\u00f3 de condicions il\u00b7legals de treball<\/a><\/div>\n\n\n\n<div class=\"wp-block-button litigation-tab\"><a class=\"wp-block-button__link wp-element-button\" href=\"#penal-area-3-panel-21\">Delicte d&#8217;ocupaci\u00f3 de treballadors sense donar-los d&#8217;alta a la Seguretat Social o sense autoritzaci\u00f3 de treball<\/a><\/div>\n\n\n\n<div class=\"wp-block-button litigation-tab\"><a class=\"wp-block-button__link wp-element-button\" href=\"#penal-area-3-panel-22\">Delicte de tr\u00e0fic il\u00b7legal de m\u00e0 d&#8217;obra<\/a><\/div>\n\n\n\n<div class=\"wp-block-button litigation-tab\"><a class=\"wp-block-button__link wp-element-button\" href=\"#penal-area-3-panel-23\">Delicte de migraci\u00f3 fraudulenta il\u00b7legal<\/a><\/div>\n\n\n\n<div class=\"wp-block-button litigation-tab\"><a class=\"wp-block-button__link wp-element-button\" href=\"#penal-area-3-panel-24\">Delicte de discriminaci\u00f3 laboral<\/a><\/div>\n\n\n\n<div class=\"wp-block-button litigation-tab\"><a class=\"wp-block-button__link wp-element-button\" href=\"#penal-area-3-panel-25\">Delicte contra la llibertat sindical i el dret de vaga<\/a><\/div>\n\n\n\n<div class=\"wp-block-button litigation-tab\"><a class=\"wp-block-button__link wp-element-button\" href=\"#penal-area-3-panel-26\">Delicte contra la salut i la seguretat dels treballadors<\/a><\/div>\n<\/div>\n\n\n\n<div class=\"wp-block-group litigation-tab-panels\"><div class=\"wp-block-group__inner-container is-layout-flow wp-block-group-is-layout-flow\">\n<div id=\"penal-area-3-panel-20\" class=\"wp-block-group litigation-tab-panel\"><div class=\"wp-block-group__inner-container is-layout-flow wp-block-group-is-layout-flow\">\n<h3 class=\"wp-block-heading litigation-tab-panel-title\">Delictes d&#8217;imposici\u00f3 de condicions il\u00b7legals de treball<\/h3>\n\n\n\n<p class=\"wp-block-paragraph\">(1r, 3r i 4t de l&#8217;article 311 del Codi penal) preveu com a delictives una s\u00e8rie d&#8217;accions que imposen i mantenen unes condicions il\u00b7legals de treball.<\/p>\n<\/div><\/div>\n\n\n\n<div id=\"penal-area-3-panel-21\" class=\"wp-block-group litigation-tab-panel\"><div class=\"wp-block-group__inner-container is-layout-flow wp-block-group-is-layout-flow\">\n<h3 class=\"wp-block-heading litigation-tab-panel-title\">Delicte d&#8217;ocupaci\u00f3 de treballadors sense donar-los d&#8217;alta a la Seguretat Social o sense autoritzaci\u00f3 de treball<\/h3>\n\n\n\n<p class=\"wp-block-paragraph\">(311.2 del Codi penal) Delicte incl\u00f2s per la LO 7\/2012, de 27 de desembre, amb entrada en vigor a partir del 16 de gener de 2013.<\/p>\n<\/div><\/div>\n\n\n\n<div id=\"penal-area-3-panel-22\" class=\"wp-block-group litigation-tab-panel\"><div class=\"wp-block-group__inner-container is-layout-flow wp-block-group-is-layout-flow\">\n<h3 class=\"wp-block-heading litigation-tab-panel-title\">Delicte de tr\u00e0fic il\u00b7legal de m\u00e0 d&#8217;obra<\/h3>\n\n\n\n<p class=\"wp-block-paragraph\">(l&#8217;article 312 del Codi penal) castiga els qui trafiquin de manera il\u00b7legal amb m\u00e0 d&#8217;obra o reclutin persones o les determinin a abandonar el seu lloc de treball oferint ocupaci\u00f3 o condicions de treball enganyoses o falses, i els qui ocupin estrangers sense perm\u00eds de treball.<\/p>\n<\/div><\/div>\n\n\n\n<div id=\"penal-area-3-panel-23\" class=\"wp-block-group litigation-tab-panel\"><div class=\"wp-block-group__inner-container is-layout-flow wp-block-group-is-layout-flow\">\n<h3 class=\"wp-block-heading litigation-tab-panel-title\">Delicte de migraci\u00f3 fraudulenta il\u00b7legal<\/h3>\n\n\n\n<p class=\"wp-block-paragraph\">L&#8217;article 313 del Codi penal castiga diverses formes d&#8217;intervenci\u00f3 en migracions il\u00b7legals.<\/p>\n<\/div><\/div>\n\n\n\n<div id=\"penal-area-3-panel-24\" class=\"wp-block-group litigation-tab-panel\"><div class=\"wp-block-group__inner-container is-layout-flow wp-block-group-is-layout-flow\">\n<h3 class=\"wp-block-heading litigation-tab-panel-title\">Delicte de discriminaci\u00f3 laboral<\/h3>\n\n\n\n<p class=\"wp-block-paragraph\">(article 314 del Codi penal), que tracta de protegir el dret a la igualtat dels treballadors. Per aix\u00f2 castiga la discriminaci\u00f3 per ideologia, religi\u00f3 o creences, la pertinen\u00e7a a una \u00e8tnia, ra\u00e7a o naci\u00f3, el sexe, l&#8217;orientaci\u00f3 sexual, la situaci\u00f3 familiar, la malaltia o discapacitat, pel fet d&#8217;exercir la representaci\u00f3 legal o sindical dels treballadors, pel parentiu amb altres treballadors de l&#8217;empresa o per l&#8217;\u00fas d&#8217;alguna de les lleng\u00fces oficials dins l&#8217;Estat espanyol, i que no restableixin la situaci\u00f3 d&#8217;igualtat davant la llei despr\u00e9s d&#8217;un requeriment o sanci\u00f3 administrativa, reparant els danys econ\u00f2mics que se n&#8217;hagin derivat.<\/p>\n<\/div><\/div>\n\n\n\n<div id=\"penal-area-3-panel-25\" class=\"wp-block-group litigation-tab-panel\"><div class=\"wp-block-group__inner-container is-layout-flow wp-block-group-is-layout-flow\">\n<h3 class=\"wp-block-heading litigation-tab-panel-title\">Delicte contra la llibertat sindical i el dret de vaga<\/h3>\n\n\n\n<p class=\"wp-block-paragraph\">(article 315 del Codi penal). Els b\u00e9ns jur\u00eddics protegits concretament en aquest tipus penal s\u00f3n els drets constitucionals, com ara el dret a la llibertat sindical (article 28.1 de la Constituci\u00f3 espanyola) i el dret de vaga (article 28.2 de la Constituci\u00f3 espanyola).<\/p>\n<\/div><\/div>\n\n\n\n<div id=\"penal-area-3-panel-26\" class=\"wp-block-group litigation-tab-panel\"><div class=\"wp-block-group__inner-container is-layout-flow wp-block-group-is-layout-flow\">\n<h3 class=\"wp-block-heading litigation-tab-panel-title\">Delicte contra la salut i la seguretat dels treballadors<\/h3>\n\n\n\n<p class=\"wp-block-paragraph\">(articles 316 i 317 del Codi penal), castiguen \u00abels qui, amb infracci\u00f3 de les normes de prevenci\u00f3 de riscos laborals i estant legalment obligats, no facilitin els mitjans necessaris perqu\u00e8 els treballadors exerceixin la seva activitat amb les mesures de seguretat i higiene adequades, de manera que posin aix\u00ed en perill greu la seva vida, salut o integritat f\u00edsica\u00bb.<\/p>\n<\/div><\/div>\n<\/div><\/div>\n<\/div><\/div>\n\n\n\n<div id=\"DELITOS-CONTRA-LA-HACIENDA-P\u00daBLICA-Y-LA-SEGURIDAD-SOCIAL\" class=\"wp-block-group litigation-area litigation-area-4\"><div class=\"wp-block-group__inner-container is-layout-flow wp-block-group-is-layout-flow\">\n<h2 class=\"wp-block-heading litigation-area-heading\">DELICTES CONTRA LA HISENDA P\u00daBLICA I LA SEGURETAT SOCIAL<\/h2>\n\n\n\n<div class=\"wp-block-buttons litigation-tabs is-layout-flex wp-block-buttons-is-layout-flex\">\n<div class=\"wp-block-button litigation-tab\"><a class=\"wp-block-button__link wp-element-button\" href=\"#penal-area-4-panel-27\">Delicte fiscal (arts. 305 i 305 bis del Codi penal)<\/a><\/div>\n\n\n\n<div class=\"wp-block-button litigation-tab\"><a class=\"wp-block-button__link wp-element-button\" href=\"#penal-area-4-panel-28\">Frau als Pressupostos Generals de la UE (art. 306 del Codi penal)<\/a><\/div>\n\n\n\n<div class=\"wp-block-button litigation-tab\"><a class=\"wp-block-button__link wp-element-button\" href=\"#penal-area-4-panel-29\">Impagament de quotes a la Seguretat Social (arts. 307, 307 bis i 307 ter del Codi penal)<\/a><\/div>\n\n\n\n<div class=\"wp-block-button litigation-tab\"><a class=\"wp-block-button__link wp-element-button\" href=\"#penal-area-4-panel-30\">Frau de subvencions (art. 308 del Codi penal)<\/a><\/div>\n\n\n\n<div class=\"wp-block-button litigation-tab\"><a class=\"wp-block-button__link wp-element-button\" href=\"#penal-area-4-panel-31\">Delicte comptable (art. 310 del Codi penal)<\/a><\/div>\n<\/div>\n\n\n\n<div class=\"wp-block-group litigation-tab-panels\"><div class=\"wp-block-group__inner-container is-layout-flow wp-block-group-is-layout-flow\">\n<div id=\"penal-area-4-panel-27\" class=\"wp-block-group litigation-tab-panel\"><div class=\"wp-block-group__inner-container is-layout-flow wp-block-group-is-layout-flow\">\n<h3 class=\"wp-block-heading litigation-tab-panel-title\">Delicte fiscal (arts. 305 i 305 bis del Codi penal)<\/h3>\n\n\n\n<p class=\"wp-block-paragraph\">Assessorem i exercim la defensa en procediments per delictes contra la Hisenda P\u00fablica derivats de l&#8217;elusi\u00f3 del pagament de tributs, retencions o ingressos a compte, l&#8217;obtenci\u00f3 indeguda de devolucions o el gaudi fraudulent de beneficis fiscals. Analitzem l&#8217;exist\u00e8ncia d&#8217;una veritable conducta defraudat\u00f2ria, la quantia presumptament defraudada, les circumst\u00e0ncies de l&#8217;operaci\u00f3 i, quan escau, els efectes d&#8217;una eventual regularitzaci\u00f3 tribut\u00e0ria.<\/p>\n<\/div><\/div>\n\n\n\n<div id=\"penal-area-4-panel-28\" class=\"wp-block-group litigation-tab-panel\"><div class=\"wp-block-group__inner-container is-layout-flow wp-block-group-is-layout-flow\">\n<h3 class=\"wp-block-heading litigation-tab-panel-title\">Frau als Pressupostos Generals de la UE (art. 306 del Codi penal)<\/h3>\n\n\n\n<p class=\"wp-block-paragraph\">Intervenim en procediments relacionats amb possibles fraus que afectin els pressupostos de la Uni\u00f3 Europea, ja sigui per l&#8217;elusi\u00f3 de quantitats que s&#8217;havien d&#8217;ingressar, l&#8217;obtenci\u00f3 indeguda de fons o la seva aplicaci\u00f3 a finalitats diferents d&#8217;aquelles per a les quals van ser concedits. La defensa requereix analitzar l&#8217;origen i la destinaci\u00f3 dels fons, la documentaci\u00f3 aportada i la concurr\u00e8ncia dels elements exigits pel tipus penal.<\/p>\n<\/div><\/div>\n\n\n\n<div id=\"penal-area-4-panel-29\" class=\"wp-block-group litigation-tab-panel\"><div class=\"wp-block-group__inner-container is-layout-flow wp-block-group-is-layout-flow\">\n<h3 class=\"wp-block-heading litigation-tab-panel-title\">Impagament de quotes a la Seguretat Social (arts. 307, 307 bis i 307 ter del Codi penal)<\/h3>\n\n\n\n<p class=\"wp-block-paragraph\">Assessorem en procediments per delictes contra la Seguretat Social relacionats amb l&#8217;elusi\u00f3 fraudulenta del pagament de quotes i conceptes de recaptaci\u00f3 conjunta, l&#8217;obtenci\u00f3 indeguda de devolucions o deduccions i altres sup\u00f2sits penalment rellevants. Estudiem l&#8217;exist\u00e8ncia de conducta defraudat\u00f2ria, la seva quantia, el per\u00edode afectat i les possibilitats de regularitzaci\u00f3 previstes legalment.<\/p>\n<\/div><\/div>\n\n\n\n<div id=\"penal-area-4-panel-30\" class=\"wp-block-group litigation-tab-panel\"><div class=\"wp-block-group__inner-container is-layout-flow wp-block-group-is-layout-flow\">\n<h3 class=\"wp-block-heading litigation-tab-panel-title\">Frau de subvencions (art. 308 del Codi penal)<\/h3>\n\n\n\n<p class=\"wp-block-paragraph\">Defensem particulars, empreses i entitats en procediments relacionats amb l&#8217;obtenci\u00f3 o aplicaci\u00f3 de subvencions i ajuts p\u00fablics. Aquests assumptes poden sorgir quan es q\u00fcestionen les condicions declarades per obtenir un ajut o quan s&#8217;atribueix als fons rebuts una destinaci\u00f3 diferent de la prevista, per la qual cosa resulta essencial analitzar la convocat\u00f2ria, la justificaci\u00f3 presentada, la destinaci\u00f3 efectiva dels fons i l&#8217;exist\u00e8ncia de dol.<\/p>\n<\/div><\/div>\n\n\n\n<div id=\"penal-area-4-panel-31\" class=\"wp-block-group litigation-tab-panel\"><div class=\"wp-block-group__inner-container is-layout-flow wp-block-group-is-layout-flow\">\n<h3 class=\"wp-block-heading litigation-tab-panel-title\">Delicte comptable (art. 310 del Codi penal)<\/h3>\n\n\n\n<p class=\"wp-block-paragraph\">Intervenim en procediments per possibles delictes comptables vinculats a l&#8217;incompliment d&#8217;obligacions tribut\u00e0ries de portar comptabilitat, llibres o registres fiscals, l&#8217;exist\u00e8ncia de comptabilitats diferents, l&#8217;omissi\u00f3 o alteraci\u00f3 d&#8217;operacions o la realitzaci\u00f3 d&#8217;anotacions fict\u00edcies. La defensa exigeix una an\u00e0lisi conjunta de la documentaci\u00f3 comptable, fiscal i societ\u00e0ria i dels requisits espec\u00edfics que el Codi penal estableix per a cada conducta.<\/p>\n<\/div><\/div>\n<\/div><\/div>\n<\/div><\/div>\n\n\n\n<div id=\"DELITOS-CONTRA-LA-SEGURIDAD-COLECTIVA\" class=\"wp-block-group litigation-area litigation-area-5\"><div class=\"wp-block-group__inner-container is-layout-flow wp-block-group-is-layout-flow\">\n<h2 class=\"wp-block-heading litigation-area-heading\">DELICTES CONTRA LA SEGURETAT COL\u00b7LECTIVA<\/h2>\n\n\n\n<div class=\"wp-block-buttons litigation-tabs is-layout-flex wp-block-buttons-is-layout-flex\">\n<div class=\"wp-block-button litigation-tab\"><a class=\"wp-block-button__link wp-element-button\" href=\"#penal-area-5-panel-32\">Relatius a energia nuclear i radiacions ionitzants (arts. 341 a 345 del Codi penal)<\/a><\/div>\n\n\n\n<div class=\"wp-block-button litigation-tab\"><a class=\"wp-block-button__link wp-element-button\" href=\"#penal-area-5-panel-33\">Estralls (arts. 346 a 347 del Codi penal)<\/a><\/div>\n\n\n\n<div class=\"wp-block-button litigation-tab\"><a class=\"wp-block-button__link wp-element-button\" href=\"#penal-area-5-panel-34\">Altres, provocats per explosius i altres agents (arts. 348 a 350 del Codi penal)<\/a><\/div>\n\n\n\n<div class=\"wp-block-button litigation-tab\"><a class=\"wp-block-button__link wp-element-button\" href=\"#penal-area-5-panel-35\">Incendis (arts. 351 a 358 del Codi penal)<\/a><\/div>\n\n\n\n<div class=\"wp-block-button litigation-tab\"><a class=\"wp-block-button__link wp-element-button\" href=\"#penal-area-5-panel-36\">Contra la salut p\u00fablica (arts. 359 a 378 del Codi penal)<\/a><\/div>\n<\/div>\n\n\n\n<div class=\"wp-block-group litigation-tab-panels\"><div class=\"wp-block-group__inner-container is-layout-flow wp-block-group-is-layout-flow\">\n<div id=\"penal-area-5-panel-32\" class=\"wp-block-group litigation-tab-panel\"><div class=\"wp-block-group__inner-container is-layout-flow wp-block-group-is-layout-flow\">\n<h3 class=\"wp-block-heading litigation-tab-panel-title\">Relatius a energia nuclear i radiacions ionitzants (arts. 341 a 345 del Codi penal)<\/h3>\n\n\n\n<p class=\"wp-block-paragraph\">Assumim la defensa en procediments relacionats amb conductes que puguin generar riscos greus derivats de l&#8217;energia nuclear, materials radioactius o radiacions ionitzants. Es tracta de delictes d&#8217;especial complexitat t\u00e8cnica, en qu\u00e8 resulta essencial determinar la conducta concreta, el nivell de risc generat, el compliment de la normativa sectorial i la relaci\u00f3 entre els fets investigats i el perill atribu\u00eft.<\/p>\n<\/div><\/div>\n\n\n\n<div id=\"penal-area-5-panel-33\" class=\"wp-block-group litigation-tab-panel\"><div class=\"wp-block-group__inner-container is-layout-flow wp-block-group-is-layout-flow\">\n<h3 class=\"wp-block-heading litigation-tab-panel-title\">Estralls (arts. 346 a 347 del Codi penal)<\/h3>\n\n\n\n<p class=\"wp-block-paragraph\">Intervenim en procediments per delictes d&#8217;estralls derivats d&#8217;explosions o altres mitjans de pot\u00e8ncia destructiva similar capa\u00e7os de causar danys greus en infraestructures, edificis, mitjans de transport, comunicacions o subministraments essencials. La valoraci\u00f3 penal dep\u00e8n, entre altres elements, de la conducta realitzada, els danys produ\u00efts, el perill generat per a les persones i el car\u00e0cter dol\u00f3s o greument imprudent dels fets.<\/p>\n<\/div><\/div>\n\n\n\n<div id=\"penal-area-5-panel-34\" class=\"wp-block-group litigation-tab-panel\"><div class=\"wp-block-group__inner-container is-layout-flow wp-block-group-is-layout-flow\">\n<h3 class=\"wp-block-heading litigation-tab-panel-title\">Altres, provocats per explosius i altres agents (arts. 348 a 350 del Codi penal)<\/h3>\n\n\n\n<p class=\"wp-block-paragraph\">Defensem en procediments relacionats amb la fabricaci\u00f3, manipulaci\u00f3, transport, tinen\u00e7a o comercialitzaci\u00f3 d&#8217;explosius, subst\u00e0ncies inflamables, corrosives, t\u00f2xiques o altres materials perillosos quan s&#8217;atribueix un incompliment de les normes de seguretat i la creaci\u00f3 d&#8217;un risc concret. Aquests assumptes requereixen analitzar tant la normativa penal com la regulaci\u00f3 t\u00e8cnica aplicable a l&#8217;activitat investigada.<\/p>\n<\/div><\/div>\n\n\n\n<div id=\"penal-area-5-panel-35\" class=\"wp-block-group litigation-tab-panel\"><div class=\"wp-block-group__inner-container is-layout-flow wp-block-group-is-layout-flow\">\n<h3 class=\"wp-block-heading litigation-tab-panel-title\">Incendis (arts. 351 a 358 del Codi penal)<\/h3>\n\n\n\n<p class=\"wp-block-paragraph\">Assumim la defensa i l&#8217;acusaci\u00f3 particular en procediments derivats d&#8217;incendis que hagin posat en perill les persones, afectat forests o masses forestals o produ\u00eft danys rellevants en b\u00e9ns. Analitzem l&#8217;origen de l&#8217;incendi, les proves pericials, el risc efectivament creat, els danys ocasionats i si la conducta investigada es pot qualificar de dolosa o imprudent.<\/p>\n<\/div><\/div>\n\n\n\n<div id=\"penal-area-5-panel-36\" class=\"wp-block-group litigation-tab-panel\"><div class=\"wp-block-group__inner-container is-layout-flow wp-block-group-is-layout-flow\">\n<h3 class=\"wp-block-heading litigation-tab-panel-title\">Contra la salut p\u00fablica (arts. 359 a 378 del Codi penal)<\/h3>\n\n\n\n<p class=\"wp-block-paragraph\">Intervenim en procediments per delictes contra la salut p\u00fablica, que comprenen conductes molt diverses relacionades amb subst\u00e0ncies nocives, medicaments i productes sanitaris, productes destinats al consum i drogues t\u00f2xiques, estupefaents o subst\u00e0ncies psicotr\u00f2piques. Cada sup\u00f2sit exigeix analitzar de manera individualitzada la subst\u00e0ncia o producte afectat, la conducta atribu\u00efda, la seva finalitat i el risc o afectaci\u00f3 per a la salut p\u00fablica.<\/p>\n<\/div><\/div>\n<\/div><\/div>\n<\/div><\/div>\n\n\n\n<div id=\"DELITOS-CONTRA-EL-HONOR\" class=\"wp-block-group litigation-area litigation-area-6\"><div class=\"wp-block-group__inner-container is-layout-flow wp-block-group-is-layout-flow\">\n<h2 class=\"wp-block-heading litigation-area-heading\">DELICTES CONTRA L&#8217;HONOR<\/h2>\n\n\n\n<div class=\"wp-block-buttons litigation-tabs is-layout-flex wp-block-buttons-is-layout-flex\">\n<div class=\"wp-block-button litigation-tab\"><a class=\"wp-block-button__link wp-element-button\" href=\"#penal-area-6-panel-37\">Inj\u00faria (art. 208 i ss. del Codi penal)<\/a><\/div>\n\n\n\n<div class=\"wp-block-button litigation-tab\"><a class=\"wp-block-button__link wp-element-button\" href=\"#penal-area-6-panel-38\">Cal\u00famnia (art. 205 i ss. del Codi penal)<\/a><\/div>\n<\/div>\n\n\n\n<div class=\"wp-block-group litigation-tab-panels\"><div class=\"wp-block-group__inner-container is-layout-flow wp-block-group-is-layout-flow\">\n<div id=\"penal-area-6-panel-37\" class=\"wp-block-group litigation-tab-panel\"><div class=\"wp-block-group__inner-container is-layout-flow wp-block-group-is-layout-flow\">\n<h3 class=\"wp-block-heading litigation-tab-panel-title\">Inj\u00faria (art. 208 i ss. del Codi penal)<\/h3>\n\n\n\n<p class=\"wp-block-paragraph\">Assessorem i exercim la defensa o acusaci\u00f3 en procediments per inj\u00faries quan determinades expressions o actuacions poden lesionar greument la dignitat, la fama o la pr\u00f2pia estimaci\u00f3 d&#8217;una persona. Analitzem el contingut i el context de les manifestacions, la seva gravetat, el mitj\u00e0 pel qual es van difondre i les circumst\u00e0ncies concretes del cas, elements essencials per determinar-ne la rellev\u00e0ncia penal.<\/p>\n<\/div><\/div>\n\n\n\n<div id=\"penal-area-6-panel-38\" class=\"wp-block-group litigation-tab-panel\"><div class=\"wp-block-group__inner-container is-layout-flow wp-block-group-is-layout-flow\">\n<h3 class=\"wp-block-heading litigation-tab-panel-title\">Cal\u00famnia (art. 205 i ss. del Codi penal)<\/h3>\n\n\n\n<p class=\"wp-block-paragraph\">Intervenim en procediments per cal\u00famnies derivats de la imputaci\u00f3 d&#8217;un delicte a una altra persona amb coneixement de la seva falsedat o menyspreu temerari envers la veritat. La defensa d&#8217;aquests assumptes requereix examinar amb precisi\u00f3 qu\u00e8 es va afirmar, a qui es va atribuir, les proves disponibles, el context en qu\u00e8 es van fer les manifestacions i, si escau, la seva difusi\u00f3 p\u00fablica.<\/p>\n<\/div><\/div>\n<\/div><\/div>\n<\/div><\/div>\n\n\n\n<div id=\"DELITOS-DE-FINANCIACI\u00d3N-ILEGAL-DE-PARTIDOS-POL\u00cdTICOS\" class=\"wp-block-group litigation-area litigation-area-7\"><div class=\"wp-block-group__inner-container is-layout-flow wp-block-group-is-layout-flow\">\n<h2 class=\"wp-block-heading litigation-area-heading\">DELICTES DE FINAN\u00c7AMENT IL\u00b7LEGAL DE PARTITS POL\u00cdTICS<\/h2>\n\n\n\n<div class=\"wp-block-buttons litigation-tabs is-layout-flex wp-block-buttons-is-layout-flex\">\n<div class=\"wp-block-button litigation-tab\"><a class=\"wp-block-button__link wp-element-button\" href=\"#penal-area-7-panel-39\">Tipus b\u00e0sic<\/a><\/div>\n\n\n\n<div class=\"wp-block-button litigation-tab\"><a class=\"wp-block-button__link wp-element-button\" href=\"#penal-area-7-panel-40\">Subtipus agreujats<\/a><\/div>\n\n\n\n<div class=\"wp-block-button litigation-tab\"><a class=\"wp-block-button__link wp-element-button\" href=\"#penal-area-7-panel-41\">Tipus espec\u00edfic<\/a><\/div>\n<\/div>\n\n\n\n<div class=\"wp-block-group litigation-tab-panels\"><div class=\"wp-block-group__inner-container is-layout-flow wp-block-group-is-layout-flow\">\n<div id=\"penal-area-7-panel-39\" class=\"wp-block-group litigation-tab-panel\"><div class=\"wp-block-group__inner-container is-layout-flow wp-block-group-is-layout-flow\">\n<h3 class=\"wp-block-heading litigation-tab-panel-title\">Tipus b\u00e0sic<\/h3>\n\n\n\n<p class=\"wp-block-paragraph\">De l&#8217;art. 304 bis 1 consisteix a rebre i lliurar donacions d&#8217;origen privat, si b\u00e9 ha estat redactat com a norma penal en blanc en remetre&#8217;s a la LO 3\/2015, de 30 de mar\u00e7, de control de l&#8217;activitat economicofinancera dels partits pol\u00edtics.<\/p>\n<\/div><\/div>\n\n\n\n<div id=\"penal-area-7-panel-40\" class=\"wp-block-group litigation-tab-panel\"><div class=\"wp-block-group__inner-container is-layout-flow wp-block-group-is-layout-flow\">\n<h3 class=\"wp-block-heading litigation-tab-panel-title\">Subtipus agreujats<\/h3>\n\n\n\n<p class=\"wp-block-paragraph\">De l&#8217;article 304 bis.2 del Codi penal, que introdueix un subtipus agreujat en funci\u00f3 del subjecte que fa l&#8217;aportaci\u00f3 o donaci\u00f3, aix\u00ed com de la quantia, de la manera seg\u00fcent:\n<br>\n<br>\n  1. Les donacions o aportacions l&#8217;import de les quals superi els 500.000 euros, sempre que sigui an\u00f2nima, finalista o revocable o provingui de persones jur\u00eddiques o ens sense personalitat.\n<br>\n  2. Les donacions o aportacions l&#8217;import de les quals superi els 550.000 euros, amb exclusi\u00f3 dels b\u00e9ns immobles, sempre que provinguin d&#8217;una mateixa persona i es rebin dins del termini d&#8217;un any.\n<br>\n<br>\nAl seu torn, tamb\u00e9 es preveu dins d&#8217;aquest subtipus agreujat quan l&#8217;origen del finan\u00e7ament sigui estranger, ja sigui a trav\u00e9s de governs i organismes, entitats o empreses p\u00fabliques estrangeres o d&#8217;empreses relacionades directament o indirectament amb aquests, sempre que les aportacions superin la quantia de 100.000 euros.<\/p>\n<\/div><\/div>\n\n\n\n<div id=\"penal-area-7-panel-41\" class=\"wp-block-group litigation-tab-panel\"><div class=\"wp-block-group__inner-container is-layout-flow wp-block-group-is-layout-flow\">\n<h3 class=\"wp-block-heading litigation-tab-panel-title\">Tipus espec\u00edfic<\/h3>\n\n\n\n<p class=\"wp-block-paragraph\">De l&#8217;article 304 ter del Codi penal, introdu\u00eft per la LO 1\/15, de 30 de mar\u00e7. Recull com a tipus espec\u00edfic que la conducta t\u00edpica \u00e9s la pertinen\u00e7a a una estructura o organitzaci\u00f3 destinada al finan\u00e7ament il\u00b7legal de partits pol\u00edtics, federacions, coalicions o agrupacions d&#8217;electors.<\/p>\n<\/div><\/div>\n<\/div><\/div>\n<\/div><\/div>\n\n\n\n<div id=\"DELITOS-CONTRA-LA-INTIMIDAD,-EL-DERECHO-DE-LA-PROPIA-IMAGEN-E-INVIOLABILIDAD-DE-DOMICILIO\" class=\"wp-block-group litigation-area litigation-area-8\"><div class=\"wp-block-group__inner-container is-layout-flow wp-block-group-is-layout-flow\">\n<h2 class=\"wp-block-heading litigation-area-heading\">DELICTES CONTRA LA INTIMITAT, EL DRET A LA PR\u00d2PIA IMATGE I LA INVIOLABILITAT DEL DOMICILI<\/h2>\n\n\n\n<div class=\"wp-block-buttons litigation-tabs is-layout-flex wp-block-buttons-is-layout-flex\">\n<div class=\"wp-block-button litigation-tab\"><a class=\"wp-block-button__link wp-element-button\" href=\"#penal-area-8-panel-42\">Descobriment i revelaci\u00f3 de secrets<\/a><\/div>\n\n\n\n<div class=\"wp-block-button litigation-tab\"><a class=\"wp-block-button__link wp-element-button\" href=\"#penal-area-8-panel-43\">Delicte de violaci\u00f3 de domicili, domicili de persones jur\u00eddiques i establiments oberts al p\u00fablic<\/a><\/div>\n<\/div>\n\n\n\n<div class=\"wp-block-group litigation-tab-panels\"><div class=\"wp-block-group__inner-container is-layout-flow wp-block-group-is-layout-flow\">\n<div id=\"penal-area-8-panel-42\" class=\"wp-block-group litigation-tab-panel\"><div class=\"wp-block-group__inner-container is-layout-flow wp-block-group-is-layout-flow\">\n<h3 class=\"wp-block-heading litigation-tab-panel-title\">Descobriment i revelaci\u00f3 de secrets<\/h3>\n\n\n\n<h4 class=\"wp-block-heading litigation-tab-panel-subheading\">Revelaci\u00f3 de dades que afecten directament la intimitat personal<\/h4>\n\n\n\n<p class=\"wp-block-paragraph\">A) Tipus b\u00e0sics<br>\n&#8211; Apoderament per descobrir els secrets o interceptaci\u00f3 de les comunicacions. (art. 197.1 del Codi penal)<br>\n&#8211; Descobriment de secrets en suport electr\u00f2nic (art. 197.2 del Codi penal)<br><br>\nB) Subtipus agreujats<br>\n&#8211; Quan els tipus b\u00e0sics es cometin (art. 197.4 del Codi penal):<br>\n\u00b7 Per les persones encarregades o responsables dels fitxers, suports inform\u00e0tics, electr\u00f2nics o telem\u00e0tics, arxius o registres;<br>\n\u00b7 Mitjan\u00e7ant la utilitzaci\u00f3 no autoritzada de dades personals de la v\u00edctima.<br>\n&#8211; Dades sensibles o que afectin menors o persones amb discapacitat (art. 197.5 del Codi penal)<br>\n&#8211; \u00c0nim de lucre (art. 197.6 del Codi penal)<br><br>\nC) Tipus espec\u00edfic<br> \n-Difusi\u00f3 d&#8217;imatges o enregistraments obtinguts amb anu\u00e8ncia. (art. 197.7 del Codi penal).<br><br><\/p>\n\n\n\n<h4 class=\"wp-block-heading litigation-tab-panel-subheading\">L&#8217;acc\u00e9s a altres dades o informaci\u00f3 que poden afectar la privacitat<\/h4>\n\n\n\n<p class=\"wp-block-paragraph\">\n&#8211; L&#8217;acc\u00e9s sense autoritzaci\u00f3 a un sistema d&#8217;informaci\u00f3 (art. 197 bis 1 del Codi penal)<br>\n&#8211; Interceptaci\u00f3 de dades inform\u00e0tiques (art. 197 bis 2 del Codi penal)<br>\n&#8211; Facilitaci\u00f3 de programes o contrasenyes per interceptar o accedir a un sistema d&#8217;informaci\u00f3 (art. 197 ter del Codi penal)<br><br>\n<\/p>\n\n\n\n<h4 class=\"wp-block-heading litigation-tab-panel-subheading\">Subtipus agreujats comuns<\/h4>\n\n\n\n<p class=\"wp-block-paragraph\">&#8211; Organitzaci\u00f3 o grup criminal (art. 197 quater del Codi penal)<br>\n&#8211; Persona jur\u00eddica (art. 197 quinquies del Codi penal)<br><\/p>\n<\/div><\/div>\n\n\n\n<div id=\"penal-area-8-panel-43\" class=\"wp-block-group litigation-tab-panel\"><div class=\"wp-block-group__inner-container is-layout-flow wp-block-group-is-layout-flow\">\n<h3 class=\"wp-block-heading litigation-tab-panel-title\">Delicte de violaci\u00f3 de domicili, domicili de persones jur\u00eddiques i establiment obert al p\u00fablic<\/h3>\n\n\n\n<p class=\"wp-block-paragraph\">&#8211; Violaci\u00f3 pac\u00edfica del domicili d&#8217;una persona f\u00edsica (art. 202.1 del Codi penal)<br>\n&#8211; Violaci\u00f3 del domicili d&#8217;una persona f\u00edsica amb viol\u00e8ncia o intimidaci\u00f3 (art. 202.2 del Codi penal)<br>\n&#8211; Violaci\u00f3 del domicili d&#8217;una persona jur\u00eddica (art. 203 del Codi penal)<br>\n&#8211; Violaci\u00f3 de domicili per autoritat o funcionari (art. Codi penal) <\/p>\n<\/div><\/div>\n<\/div><\/div>\n<\/div><\/div>\n\n\n\n<div id=\"DELITOS-CONTRA-LA-ADMINISTRACI\u00d3N-DE-JUSTICIA\" class=\"wp-block-group litigation-area litigation-area-9\"><div class=\"wp-block-group__inner-container is-layout-flow wp-block-group-is-layout-flow\">\n<h2 class=\"wp-block-heading litigation-area-heading\">DELICTES CONTRA L&#8217;ADMINISTRACI\u00d3 DE JUST\u00cdCIA<\/h2>\n\n\n\n<div class=\"wp-block-buttons litigation-tabs is-layout-flex wp-block-buttons-is-layout-flex\">\n<div class=\"wp-block-button litigation-tab\"><a class=\"wp-block-button__link wp-element-button\" href=\"#penal-area-9-panel-44\">Prevaricaci\u00f3<\/a><\/div>\n\n\n\n<div class=\"wp-block-button litigation-tab\"><a class=\"wp-block-button__link wp-element-button\" href=\"#penal-area-9-panel-45\">Denegaci\u00f3 de just\u00edcia<\/a><\/div>\n\n\n\n<div class=\"wp-block-button litigation-tab\"><a class=\"wp-block-button__link wp-element-button\" href=\"#penal-area-9-panel-46\">Retard malici\u00f3s en l&#8217;administraci\u00f3 de just\u00edcia<\/a><\/div>\n\n\n\n<div class=\"wp-block-button litigation-tab\"><a class=\"wp-block-button__link wp-element-button\" href=\"#penal-area-9-panel-47\">Encobriment<\/a><\/div>\n\n\n\n<div class=\"wp-block-button litigation-tab\"><a class=\"wp-block-button__link wp-element-button\" href=\"#penal-area-9-panel-48\">Realitzaci\u00f3 arbitr\u00e0ria del propi dret<\/a><\/div>\n\n\n\n<div class=\"wp-block-button litigation-tab\"><a class=\"wp-block-button__link wp-element-button\" href=\"#penal-area-9-panel-49\">Acusaci\u00f3 i den\u00fancies falses<\/a><\/div>\n\n\n\n<div class=\"wp-block-button litigation-tab\"><a class=\"wp-block-button__link wp-element-button\" href=\"#penal-area-9-panel-50\">Simulaci\u00f3 de delictes<\/a><\/div>\n\n\n\n<div class=\"wp-block-button litigation-tab\"><a class=\"wp-block-button__link wp-element-button\" href=\"#penal-area-9-panel-51\">Fals testimoni<\/a><\/div>\n\n\n\n<div class=\"wp-block-button litigation-tab\"><a class=\"wp-block-button__link wp-element-button\" href=\"#penal-area-9-panel-52\">Obstrucci\u00f3 a la just\u00edcia<\/a><\/div>\n\n\n\n<div class=\"wp-block-button litigation-tab\"><a class=\"wp-block-button__link wp-element-button\" href=\"#penal-area-9-panel-53\">Deslleialtat professional<\/a><\/div>\n\n\n\n<div class=\"wp-block-button litigation-tab\"><a class=\"wp-block-button__link wp-element-button\" href=\"#penal-area-9-panel-54\">Trencament de condemna<\/a><\/div>\n<\/div>\n\n\n\n<div class=\"wp-block-group litigation-tab-panels\"><div class=\"wp-block-group__inner-container is-layout-flow wp-block-group-is-layout-flow\">\n<div id=\"penal-area-9-panel-44\" class=\"wp-block-group litigation-tab-panel\"><div class=\"wp-block-group__inner-container is-layout-flow wp-block-group-is-layout-flow\">\n<h3 class=\"wp-block-heading litigation-tab-panel-title\">Prevaricaci\u00f3<\/h3>\n\n\n\n<p class=\"wp-block-paragraph\">L&#8217;acci\u00f3 t\u00edpica consisteix a dictar una sent\u00e8ncia o resoluci\u00f3 injusta dolosament o per imprud\u00e8ncia greu o ignor\u00e0ncia inexcusable. Est\u00e0 considerat el delicte m\u00e9s greu en qu\u00e8 pot inc\u00f3rrer un membre de la judicatura, ja que suposa faltar als deures d&#8217;imparcialitat i just\u00edcia que corresponen a tot jutge o magistrat. No s&#8217;inclou en el concepte de jutge o magistrat els jurats, ja que no dicten sent\u00e8ncies, sin\u00f3 que emeten veredictes que han de ser plasmats en una sent\u00e8ncia pel magistrat president del tribunal (arts. 446 i 447 del Codi penal).<\/p>\n<\/div><\/div>\n\n\n\n<div id=\"penal-area-9-panel-45\" class=\"wp-block-group litigation-tab-panel\"><div class=\"wp-block-group__inner-container is-layout-flow wp-block-group-is-layout-flow\">\n<h3 class=\"wp-block-heading litigation-tab-panel-title\">Denegaci\u00f3 de just\u00edcia<\/h3>\n\n\n\n<p class=\"wp-block-paragraph\">Que consisteix a negar-se a jutjar, sense al\u00b7legar cap ra\u00f3 o pretextant obscuritat, insufici\u00e8ncia o silenci de la llei (art. 448 del Codi penal).<\/p>\n<\/div><\/div>\n\n\n\n<div id=\"penal-area-9-panel-46\" class=\"wp-block-group litigation-tab-panel\"><div class=\"wp-block-group__inner-container is-layout-flow wp-block-group-is-layout-flow\">\n<h3 class=\"wp-block-heading litigation-tab-panel-title\">Retard malici\u00f3s en l&#8217;administraci\u00f3 de just\u00edcia<\/h3>\n\n\n\n<p class=\"wp-block-paragraph\">Consisteix a retardar amb alguna finalitat il\u00b7leg\u00edtima la resoluci\u00f3 d&#8217;alguna causa judicial (art. 449 del Codi penal).<br><br>\nL&#8217;art. 450 del CODI PENAL castiga la conducta omissiva consistent a no actuar, podent-ho fer sense risc propi o ali\u00e8, per impedir la comissi\u00f3 d&#8217;un delicte que afecti les persones en la seva vida, integritat o salut, llibertat o llibertat sexual, o, si no \u00e9s possible, a no acudir a l&#8217;autoritat o als seus agents perqu\u00e8 l&#8217;impedeixin.<\/p>\n<\/div><\/div>\n\n\n\n<div id=\"penal-area-9-panel-47\" class=\"wp-block-group litigation-tab-panel\"><div class=\"wp-block-group__inner-container is-layout-flow wp-block-group-is-layout-flow\">\n<h3 class=\"wp-block-heading litigation-tab-panel-title\">Encobriment<\/h3>\n\n\n\n<p class=\"wp-block-paragraph\">Castiga la conducta consistent a ajudar l&#8217;autor d&#8217;un delicte previ a beneficiar-se del producte d&#8217;aquest, a ocultar el cos del delicte per evitar-ne el descobriment o a facilitar als presumptes responsables de determinats delictes, o que hagin abusat de funcions p\u00fabliques en cometre&#8217;ls, que eludeixin la investigaci\u00f3 de l&#8217;autoritat o dels seus agents, o que se sostreguin a la seva recerca o captura (arts. 451 a 454 del Codi penal).<\/p>\n<\/div><\/div>\n\n\n\n<div id=\"penal-area-9-panel-48\" class=\"wp-block-group litigation-tab-panel\"><div class=\"wp-block-group__inner-container is-layout-flow wp-block-group-is-layout-flow\">\n<h3 class=\"wp-block-heading litigation-tab-panel-title\">Realitzaci\u00f3 arbitr\u00e0ria del propi dret<\/h3>\n\n\n\n<p class=\"wp-block-paragraph\">Castiga la conducta consistent a actuar fora de les vies legals per fer efectiu un dret propi, emprant viol\u00e8ncia, intimidaci\u00f3 o for\u00e7a en les coses (art. 455 del Codi penal).<\/p>\n<\/div><\/div>\n\n\n\n<div id=\"penal-area-9-panel-49\" class=\"wp-block-group litigation-tab-panel\"><div class=\"wp-block-group__inner-container is-layout-flow wp-block-group-is-layout-flow\">\n<h3 class=\"wp-block-heading litigation-tab-panel-title\">Acusaci\u00f3 i den\u00fancies falses<\/h3>\n\n\n\n<p class=\"wp-block-paragraph\">Consisteix a atribuir a alguna persona concreta determinats fets que, si fossin certs, serien castigables com a delicte davant un jutge o funcionari (fiscal o policia) que t\u00e9 el deure de procedir a esbrinar-los. Per poder perseguir aquest delicte, ha d&#8217;existir una sent\u00e8ncia o interlocut\u00f2ria fermes que continguin l&#8217;absoluci\u00f3 de l&#8217;acusat o denunciat falsament (art. 456 del Codi penal).<\/p>\n<\/div><\/div>\n\n\n\n<div id=\"penal-area-9-panel-50\" class=\"wp-block-group litigation-tab-panel\"><div class=\"wp-block-group__inner-container is-layout-flow wp-block-group-is-layout-flow\">\n<h3 class=\"wp-block-heading litigation-tab-panel-title\">Simulaci\u00f3 de delictes<\/h3>\n\n\n\n<p class=\"wp-block-paragraph\">Consisteix a presentar-se davant una autoritat judicial o administrativa amb compet\u00e8ncia per perseguir un fet delictiu relatant un delicte inexistent o fent-ho de manera absolutament diferent de com hauria succe\u00eft, presentant-se qui denuncia com a autor del fet o com a v\u00edctima d&#8217;aquest, i provocant actuacions processals (art. 457 del Codi penal).<\/p>\n<\/div><\/div>\n\n\n\n<div id=\"penal-area-9-panel-51\" class=\"wp-block-group litigation-tab-panel\"><div class=\"wp-block-group__inner-container is-layout-flow wp-block-group-is-layout-flow\">\n<h3 class=\"wp-block-heading litigation-tab-panel-title\">Fals testimoni<\/h3>\n\n\n\n<p class=\"wp-block-paragraph\">Sancionen aquest delicte els qui, actuant en un proc\u00e9s davant un tribunal espanyol o estranger com a testimoni, perit o int\u00e8rpret, falten a la veritat o l&#8217;alteren parcialment, podent provocar amb aix\u00f2 que es dicti una resoluci\u00f3 injusta. Compr\u00e8n aix\u00ed mateix la presentaci\u00f3 en judici d&#8217;int\u00e8rprets o perits falsos (arts. 458 a 462 del Codi penal).<\/p>\n<\/div><\/div>\n\n\n\n<div id=\"penal-area-9-panel-52\" class=\"wp-block-group litigation-tab-panel\"><div class=\"wp-block-group__inner-container is-layout-flow wp-block-group-is-layout-flow\">\n<h3 class=\"wp-block-heading litigation-tab-panel-title\">Obstrucci\u00f3 a la just\u00edcia<\/h3>\n\n\n\n<p class=\"wp-block-paragraph\">(arts. 463 i 464 del Codi penal).<\/p>\n<\/div><\/div>\n\n\n\n<div id=\"penal-area-9-panel-53\" class=\"wp-block-group litigation-tab-panel\"><div class=\"wp-block-group__inner-container is-layout-flow wp-block-group-is-layout-flow\">\n<h3 class=\"wp-block-heading litigation-tab-panel-title\">Deslleialtat professional<\/h3>\n\n\n\n<p class=\"wp-block-paragraph\">(arts. 465 a 467 del Codi penal).<\/p>\n<\/div><\/div>\n\n\n\n<div id=\"penal-area-9-panel-54\" class=\"wp-block-group litigation-tab-panel\"><div class=\"wp-block-group__inner-container is-layout-flow wp-block-group-is-layout-flow\">\n<h3 class=\"wp-block-heading litigation-tab-panel-title\">Trencament de condemna<\/h3>\n\n\n\n<p class=\"wp-block-paragraph\">(arts. 468 a 471 del Codi penal).<\/p>\n<\/div><\/div>\n<\/div><\/div>\n<\/div><\/div>\n\n\n\n<div id=\"DELITOS-CONTRA-EL-PATRIMONIO-Y-EL-ORDEN-SOCIOECON\u00d3MICO\" class=\"wp-block-group litigation-area litigation-area-10\"><div class=\"wp-block-group__inner-container is-layout-flow wp-block-group-is-layout-flow\">\n<h2 class=\"wp-block-heading litigation-area-heading\">DELICTES CONTRA EL PATRIMONI I L&#8217;ORDRE SOCIOECON\u00d2MIC<\/h2>\n\n\n\n<div class=\"wp-block-buttons litigation-tabs is-layout-flex wp-block-buttons-is-layout-flex\">\n<div class=\"wp-block-button litigation-tab\"><a class=\"wp-block-button__link wp-element-button\" href=\"#penal-area-10-panel-55\">Furt<\/a><\/div>\n\n\n\n<div class=\"wp-block-button litigation-tab\"><a class=\"wp-block-button__link wp-element-button\" href=\"#penal-area-10-panel-56\">Robatori<\/a><\/div>\n\n\n\n<div class=\"wp-block-button litigation-tab\"><a class=\"wp-block-button__link wp-element-button\" href=\"#penal-area-10-panel-57\">Extorsi\u00f3<\/a><\/div>\n\n\n\n<div class=\"wp-block-button litigation-tab\"><a class=\"wp-block-button__link wp-element-button\" href=\"#penal-area-10-panel-58\">Robatori i furt d&#8217;\u00fas de vehicles<\/a><\/div>\n\n\n\n<div class=\"wp-block-button litigation-tab\"><a class=\"wp-block-button__link wp-element-button\" href=\"#penal-area-10-panel-59\">Usurpaci\u00f3<\/a><\/div>\n\n\n\n<div class=\"wp-block-button litigation-tab\"><a class=\"wp-block-button__link wp-element-button\" href=\"#penal-area-10-panel-60\">Estafa<\/a><\/div>\n\n\n\n<div class=\"wp-block-button litigation-tab\"><a class=\"wp-block-button__link wp-element-button\" href=\"#penal-area-10-panel-61\">Administraci\u00f3 deslleial<\/a><\/div>\n\n\n\n<div class=\"wp-block-button litigation-tab\"><a class=\"wp-block-button__link wp-element-button\" href=\"#penal-area-10-panel-62\">Apropiaci\u00f3 indeguda<\/a><\/div>\n\n\n\n<div class=\"wp-block-button litigation-tab\"><a class=\"wp-block-button__link wp-element-button\" href=\"#penal-area-10-panel-63\">Defraudacions de fluid el\u00e8ctric i an\u00e0logues<\/a><\/div>\n\n\n\n<div class=\"wp-block-button litigation-tab\"><a class=\"wp-block-button__link wp-element-button\" href=\"#penal-area-10-panel-64\">Frustraci\u00f3 de l&#8217;execuci\u00f3<\/a><\/div>\n\n\n\n<div class=\"wp-block-button litigation-tab\"><a class=\"wp-block-button__link wp-element-button\" href=\"#penal-area-10-panel-65\">Insolv\u00e8ncies punibles<\/a><\/div>\n\n\n\n<div class=\"wp-block-button litigation-tab\"><a class=\"wp-block-button__link wp-element-button\" href=\"#penal-area-10-panel-66\">Alteraci\u00f3 de preus en concursos i subhastes p\u00fabliques<\/a><\/div>\n\n\n\n<div class=\"wp-block-button litigation-tab\"><a class=\"wp-block-button__link wp-element-button\" href=\"#penal-area-10-panel-67\">Danys<\/a><\/div>\n\n\n\n<div class=\"wp-block-button litigation-tab\"><a class=\"wp-block-button__link wp-element-button\" href=\"#penal-area-10-panel-68\">Delictes relatius a la propietat intel\u00b7lectual<\/a><\/div>\n\n\n\n<div class=\"wp-block-button litigation-tab\"><a class=\"wp-block-button__link wp-element-button\" href=\"#penal-area-10-panel-69\">Delictes relatius a la propietat industrial<\/a><\/div>\n\n\n\n<div class=\"wp-block-button litigation-tab\"><a class=\"wp-block-button__link wp-element-button\" href=\"#penal-area-10-panel-70\">Delictes relatius al mercat i als consumidors<\/a><\/div>\n\n\n\n<div class=\"wp-block-button litigation-tab\"><a class=\"wp-block-button__link wp-element-button\" href=\"#penal-area-10-panel-71\">Delictes de corrupci\u00f3 en els negocis<\/a><\/div>\n\n\n\n<div class=\"wp-block-button litigation-tab\"><a class=\"wp-block-button__link wp-element-button\" href=\"#penal-area-10-panel-72\">Sostracci\u00f3 de cosa pr\u00f2pia a la seva utilitat social o cultural<\/a><\/div>\n\n\n\n<div class=\"wp-block-button litigation-tab\"><a class=\"wp-block-button__link wp-element-button\" href=\"#penal-area-10-panel-73\">Delictes societaris<\/a><\/div>\n\n\n\n<div class=\"wp-block-button litigation-tab\"><a class=\"wp-block-button__link wp-element-button\" href=\"#penal-area-10-panel-74\">Receptaci\u00f3<\/a><\/div>\n\n\n\n<div class=\"wp-block-button litigation-tab\"><a class=\"wp-block-button__link wp-element-button\" href=\"#penal-area-10-panel-75\">Blanqueig de capitals<\/a><\/div>\n<\/div>\n\n\n\n<div class=\"wp-block-group litigation-tab-panels\"><div class=\"wp-block-group__inner-container is-layout-flow wp-block-group-is-layout-flow\">\n<div id=\"penal-area-10-panel-55\" class=\"wp-block-group litigation-tab-panel\"><div class=\"wp-block-group__inner-container is-layout-flow wp-block-group-is-layout-flow\">\n<h3 class=\"wp-block-heading litigation-tab-panel-title\">Furt<\/h3>\n\n\n\n<p class=\"wp-block-paragraph\">Acci\u00f3 de sostreure b\u00e9ns aliens, sense la concurr\u00e8ncia de for\u00e7a en les coses, viol\u00e8ncia o intimidaci\u00f3 (arts. 234 a 236 del Codi penal).<\/p>\n<\/div><\/div>\n\n\n\n<div id=\"penal-area-10-panel-56\" class=\"wp-block-group litigation-tab-panel\"><div class=\"wp-block-group__inner-container is-layout-flow wp-block-group-is-layout-flow\">\n<h3 class=\"wp-block-heading litigation-tab-panel-title\">Robatori<\/h3>\n\n\n\n<p class=\"wp-block-paragraph\">Conducta consistent a sostreure coses alienes emprant for\u00e7a en les coses o viol\u00e8ncia o intimidaci\u00f3 en les persones (arts. 237 a 242 del Codi penal).<\/p>\n<\/div><\/div>\n\n\n\n<div id=\"penal-area-10-panel-57\" class=\"wp-block-group litigation-tab-panel\"><div class=\"wp-block-group__inner-container is-layout-flow wp-block-group-is-layout-flow\">\n<h3 class=\"wp-block-heading litigation-tab-panel-title\">Extorsi\u00f3<\/h3>\n\n\n\n<p class=\"wp-block-paragraph\">Acci\u00f3 consistent a obligar una altra persona, amb \u00e0nim de lucre i emprant viol\u00e8ncia o intimidaci\u00f3, a realitzar un acte o negoci jur\u00eddic en perjudici del seu patrimoni o del d&#8217;un tercer (art. 243 del Codi penal).<\/p>\n<\/div><\/div>\n\n\n\n<div id=\"penal-area-10-panel-58\" class=\"wp-block-group litigation-tab-panel\"><div class=\"wp-block-group__inner-container is-layout-flow wp-block-group-is-layout-flow\">\n<h3 class=\"wp-block-heading litigation-tab-panel-title\">Robatori i furt d&#8217;\u00fas de vehicles<\/h3>\n\n\n\n<p class=\"wp-block-paragraph\">Consisteix en la sostracci\u00f3 o utilitzaci\u00f3 d&#8217;un vehicle de motor o ciclomotor aliens sense autoritzaci\u00f3 i sense \u00e0nim d&#8217;apropiar-se&#8217;n i sense emprar for\u00e7a en les coses o viol\u00e8ncia o intimidaci\u00f3 en les persones (furt), o emprant-les en el cas del robatori (art. 244 del Codi penal).<\/p>\n<\/div><\/div>\n\n\n\n<div id=\"penal-area-10-panel-59\" class=\"wp-block-group litigation-tab-panel\"><div class=\"wp-block-group__inner-container is-layout-flow wp-block-group-is-layout-flow\">\n<h3 class=\"wp-block-heading litigation-tab-panel-title\">Usurpaci\u00f3<\/h3>\n\n\n\n<p class=\"wp-block-paragraph\">Ocupaci\u00f3 de b\u00e9ns immobles i usurpaci\u00f3 de drets reals immobiliaris sense autoritzaci\u00f3, amb \u00fas o sense de viol\u00e8ncia o intimidaci\u00f3 en les persones, alteraci\u00f3 de l\u00edmits entre propietats i desviament d&#8217;aig\u00fces (arts. 245 a 247 del Codi penal).<\/p>\n<\/div><\/div>\n\n\n\n<div id=\"penal-area-10-panel-60\" class=\"wp-block-group litigation-tab-panel\"><div class=\"wp-block-group__inner-container is-layout-flow wp-block-group-is-layout-flow\">\n<h3 class=\"wp-block-heading litigation-tab-panel-title\">Estafa<\/h3>\n\n\n\n<p class=\"wp-block-paragraph\">Acci\u00f3 consistent a induir una altra persona, amb \u00e0nim de lucre i mitjan\u00e7ant engany suficient, a realitzar un acte de disposici\u00f3 en perjudici propi o ali\u00e8 (arts. 248 a 251 bis del Codi penal).<\/p>\n<\/div><\/div>\n\n\n\n<div id=\"penal-area-10-panel-61\" class=\"wp-block-group litigation-tab-panel\"><div class=\"wp-block-group__inner-container is-layout-flow wp-block-group-is-layout-flow\">\n<h3 class=\"wp-block-heading litigation-tab-panel-title\">Administraci\u00f3 deslleial<\/h3>\n\n\n\n<p class=\"wp-block-paragraph\">Castiga l&#8217;administraci\u00f3 d&#8217;un patrimoni ali\u00e8 infringint les facultats encomanades per l&#8217;autoritat o assumides mitjan\u00e7ant un negoci jur\u00eddic, o excedint-se en l&#8217;exercici d&#8217;aquestes (art. 252 del Codi penal).<\/p>\n<\/div><\/div>\n\n\n\n<div id=\"penal-area-10-panel-62\" class=\"wp-block-group litigation-tab-panel\"><div class=\"wp-block-group__inner-container is-layout-flow wp-block-group-is-layout-flow\">\n<h3 class=\"wp-block-heading litigation-tab-panel-title\">Apropiaci\u00f3 indeguda<\/h3>\n\n\n\n<p class=\"wp-block-paragraph\">Acci\u00f3 consistent a apropiar-se, en perjudici d&#8217;un altre, de diners, efectes, valors o qualsevol altra cosa moble o actiu patrimonial rebut en dip\u00f2sit, comissi\u00f3 o administraci\u00f3, o per qualsevol altre t\u00edtol que comporti l&#8217;obligaci\u00f3 de lliurar-lo o retornar-lo, o negar haver-lo rebut (arts. 253 i 254 del Codi penal).<\/p>\n<\/div><\/div>\n\n\n\n<div id=\"penal-area-10-panel-63\" class=\"wp-block-group litigation-tab-panel\"><div class=\"wp-block-group__inner-container is-layout-flow wp-block-group-is-layout-flow\">\n<h3 class=\"wp-block-heading litigation-tab-panel-title\">Defraudacions de fluid el\u00e8ctric i an\u00e0logues<\/h3>\n\n\n\n<p class=\"wp-block-paragraph\">Obtenci\u00f3 d&#8217;un benefici econ\u00f2mic mitjan\u00e7ant la utilitzaci\u00f3 il\u00b7l\u00edcita d&#8217;energia el\u00e8ctrica, gas, aigua, telecomunicacions o un altre element, energia o fluid aliens, servint-se de mitjans clandestins o utilitzant un equip terminal sense el consentiment del titular (arts. 255 i 256 del Codi penal).<\/p>\n<\/div><\/div>\n\n\n\n<div id=\"penal-area-10-panel-64\" class=\"wp-block-group litigation-tab-panel\"><div class=\"wp-block-group__inner-container is-layout-flow wp-block-group-is-layout-flow\">\n<h3 class=\"wp-block-heading litigation-tab-panel-title\">Frustraci\u00f3 de l&#8217;execuci\u00f3<\/h3>\n\n\n\n<p class=\"wp-block-paragraph\">Castiga qui s&#8217;alci amb els seus b\u00e9ns en perjudici dels seus creditors, o realitzi qualsevol acte de disposici\u00f3 patrimonial o generador d&#8217;obligacions que dificulti un embargament o un procediment executiu iniciat o d&#8217;inici previsible (arts. 257 a 258 ter del Codi penal).<\/p>\n<\/div><\/div>\n\n\n\n<div id=\"penal-area-10-panel-65\" class=\"wp-block-group litigation-tab-panel\"><div class=\"wp-block-group__inner-container is-layout-flow wp-block-group-is-layout-flow\">\n<h3 class=\"wp-block-heading litigation-tab-panel-title\">Insolv\u00e8ncies punibles<\/h3>\n\n\n\n<p class=\"wp-block-paragraph\">Castiga els actes fraudulents que perjudiquin els interessos dels creditors, realitzats pel deutor en una situaci\u00f3 d&#8217;insolv\u00e8ncia actual o imminent (arts. 259 a 261 bis del Codi penal).<\/p>\n<\/div><\/div>\n\n\n\n<div id=\"penal-area-10-panel-66\" class=\"wp-block-group litigation-tab-panel\"><div class=\"wp-block-group__inner-container is-layout-flow wp-block-group-is-layout-flow\">\n<h3 class=\"wp-block-heading litigation-tab-panel-title\">Alteraci\u00f3 de preus en concursos i subhastes p\u00fabliques<\/h3>\n\n\n\n<p class=\"wp-block-paragraph\">Conductes fraudulentes que atempten contra la lliure formaci\u00f3 de preus en els concursos i subhastes p\u00fabliques i contra la lliure concurr\u00e8ncia a aquests actes (art. 262 del Codi penal).<\/p>\n<\/div><\/div>\n\n\n\n<div id=\"penal-area-10-panel-67\" class=\"wp-block-group litigation-tab-panel\"><div class=\"wp-block-group__inner-container is-layout-flow wp-block-group-is-layout-flow\">\n<h3 class=\"wp-block-heading litigation-tab-panel-title\">Danys<\/h3>\n\n\n\n<p class=\"wp-block-paragraph\">En propietat aliena no compresos en un altre t\u00edtol (arts. 263 a 267 del Codi penal).<\/p>\n<\/div><\/div>\n\n\n\n<div id=\"penal-area-10-panel-68\" class=\"wp-block-group litigation-tab-panel\"><div class=\"wp-block-group__inner-container is-layout-flow wp-block-group-is-layout-flow\">\n<h3 class=\"wp-block-heading litigation-tab-panel-title\">Delictes relatius a la propietat intel\u00b7lectual<\/h3>\n\n\n\n<p class=\"wp-block-paragraph\">Penalitzen conductes en qu\u00e8, de manera intencionada i amb \u00e0nim d&#8217;obtenir un benefici, s&#8217;atempta contra el contingut patrimonial dels drets de propietat intel\u00b7lectual (arts. 270 a 272 del Codi penal).<\/p>\n<\/div><\/div>\n\n\n\n<div id=\"penal-area-10-panel-69\" class=\"wp-block-group litigation-tab-panel\"><div class=\"wp-block-group__inner-container is-layout-flow wp-block-group-is-layout-flow\">\n<h3 class=\"wp-block-heading litigation-tab-panel-title\">Delictes relatius a la propietat industrial<\/h3>\n\n\n\n<p class=\"wp-block-paragraph\">Castiguen les conductes que atempten contra la identificaci\u00f3 en exclusiva de productes i serveis oferts al mercat (arts. 273 a 277 del Codi penal).<\/p>\n<\/div><\/div>\n\n\n\n<div id=\"penal-area-10-panel-70\" class=\"wp-block-group litigation-tab-panel\"><div class=\"wp-block-group__inner-container is-layout-flow wp-block-group-is-layout-flow\">\n<h3 class=\"wp-block-heading litigation-tab-panel-title\">Delictes relatius al mercat i als consumidors<\/h3>\n\n\n\n<p class=\"wp-block-paragraph\">Compr\u00e8n les accions t\u00edpiques consistents a descobrir, revelar i violar secrets d&#8217;empresa, desabastiment de mat\u00e8ries primeres, publicitat fraudulenta i facturaci\u00f3 falsa, alterar el preu de les coses, manipulaci\u00f3 de mercat, ab\u00fas i revelaci\u00f3 d&#8217;informaci\u00f3 privilegiada al mercat de valors (arts. 278 a 286 del Codi penal).<\/p>\n<\/div><\/div>\n\n\n\n<div id=\"penal-area-10-panel-71\" class=\"wp-block-group litigation-tab-panel\"><div class=\"wp-block-group__inner-container is-layout-flow wp-block-group-is-layout-flow\">\n<h3 class=\"wp-block-heading litigation-tab-panel-title\">Delictes de corrupci\u00f3 en els negocis<\/h3>\n\n\n\n<p class=\"wp-block-paragraph\">Castiga la corrupci\u00f3 o suborn en el sector privat, la corrupci\u00f3 de funcionaris p\u00fablics estrangers i de funcionaris p\u00fablics d&#8217;organismes internacionals (arts. 286 bis a 286 quater del Codi penal).<\/p>\n<\/div><\/div>\n\n\n\n<div id=\"penal-area-10-panel-72\" class=\"wp-block-group litigation-tab-panel\"><div class=\"wp-block-group__inner-container is-layout-flow wp-block-group-is-layout-flow\">\n<h3 class=\"wp-block-heading litigation-tab-panel-title\">Sostracci\u00f3 de cosa pr\u00f2pia a la seva utilitat social o cultural<\/h3>\n\n\n\n<p class=\"wp-block-paragraph\">Tipifica la destrucci\u00f3, inutilitzaci\u00f3 o els danys a una cosa pr\u00f2pia d&#8217;utilitat social o cultural (art. 289 del Codi penal).<\/p>\n<\/div><\/div>\n\n\n\n<div id=\"penal-area-10-panel-73\" class=\"wp-block-group litigation-tab-panel\"><div class=\"wp-block-group__inner-container is-layout-flow wp-block-group-is-layout-flow\">\n<h3 class=\"wp-block-heading litigation-tab-panel-title\">Delictes societaris<\/h3>\n\n\n\n<p class=\"wp-block-paragraph\">Penalitzen infidelitats i abusos de poder duts a terme pels administradors de societats, en perjudici d&#8217;aquestes, dels seus socis o de tercers (arts. 290 a 297 del Codi penal).<\/p>\n<\/div><\/div>\n\n\n\n<div id=\"penal-area-10-panel-74\" class=\"wp-block-group litigation-tab-panel\"><div class=\"wp-block-group__inner-container is-layout-flow wp-block-group-is-layout-flow\">\n<h3 class=\"wp-block-heading litigation-tab-panel-title\">Receptaci\u00f3<\/h3>\n\n\n\n<p class=\"wp-block-paragraph\">Consisteix a ajudar els responsables d&#8217;un delicte contra la propietat o contra l&#8217;ordre socioecon\u00f2mic a aprofitar-se dels seus efectes, o rebre, adquirir o amagar aquests efectes amb el prop\u00f2sit d&#8217;enriquir-se (arts. 298 a 300 del Codi penal).<\/p>\n<\/div><\/div>\n\n\n\n<div id=\"penal-area-10-panel-75\" class=\"wp-block-group litigation-tab-panel\"><div class=\"wp-block-group__inner-container is-layout-flow wp-block-group-is-layout-flow\">\n<h3 class=\"wp-block-heading litigation-tab-panel-title\">Blanqueig de capitals<\/h3>\n\n\n\n<p class=\"wp-block-paragraph\">Activitats encaminades a ocultar la proced\u00e8ncia il\u00b7l\u00edcita de diners introdu\u00efts en el cicle de l&#8217;economia legal (arts. 301 a 304 del Codi penal)<\/p>\n<\/div><\/div>\n<\/div><\/div>\n<\/div><\/div>\n\n\n\n<div id=\"DELITOS-RELATIVOS-A-LA-ORDENACI\u00d3N-DEL-TERRITORIO-Y-EL-URBANISMO,-LA-PROTECCI\u00d3N-DEL-PATRIMONIO-HIST\u00d3RICO-Y-EL-MEDIO-AMBIENTE\" class=\"wp-block-group litigation-area litigation-area-11\"><div class=\"wp-block-group__inner-container is-layout-flow wp-block-group-is-layout-flow\">\n<h2 class=\"wp-block-heading litigation-area-heading\">DELICTES RELATIUS A L&#8217;ORDENACI\u00d3 DEL TERRITORI I L&#8217;URBANISME, LA PROTECCI\u00d3 DEL PATRIMONI HIST\u00d2RIC I EL MEDI AMBIENT<\/h2>\n\n\n\n<div class=\"wp-block-buttons litigation-tabs is-layout-flex wp-block-buttons-is-layout-flex\">\n<div class=\"wp-block-button litigation-tab\"><a class=\"wp-block-button__link wp-element-button\" href=\"#penal-area-11-panel-76\">Delicte urban\u00edstic<\/a><\/div>\n\n\n\n<div class=\"wp-block-button litigation-tab\"><a class=\"wp-block-button__link wp-element-button\" href=\"#penal-area-11-panel-77\">Delicte de prevaricaci\u00f3 urban\u00edstica, que castiga tres accions<\/a><\/div>\n<\/div>\n\n\n\n<div class=\"wp-block-group litigation-tab-panels\"><div class=\"wp-block-group__inner-container is-layout-flow wp-block-group-is-layout-flow\">\n<div id=\"penal-area-11-panel-76\" class=\"wp-block-group litigation-tab-panel\"><div class=\"wp-block-group__inner-container is-layout-flow wp-block-group-is-layout-flow\">\n<h3 class=\"wp-block-heading litigation-tab-panel-title\">Delicte urban\u00edstic<\/h3>\n\n\n\n<p class=\"wp-block-paragraph\">Es castiga la urbanitzaci\u00f3, construcci\u00f3 o edificaci\u00f3 no autoritzable duta a terme sobre:<br><br>\n\nS\u00f2l especialment protegit (tipus agreujat, art. 319.1 del Codi penal).<br>\nS\u00f2l no urbanitzable com\u00fa (tipus b\u00e0sic, art. 319.2 del Codi penal).<\/p>\n<\/div><\/div>\n\n\n\n<div id=\"penal-area-11-panel-77\" class=\"wp-block-group litigation-tab-panel\"><div class=\"wp-block-group__inner-container is-layout-flow wp-block-group-is-layout-flow\">\n<h3 class=\"wp-block-heading litigation-tab-panel-title\">Delicte de prevaricaci\u00f3 urban\u00edstica, que castiga tres accions<\/h3>\n\n\n\n<p class=\"wp-block-paragraph\">La prevaricaci\u00f3 urban\u00edstica en els informes d&#8217;expedients urban\u00edstics, art. 320.1 del Codi penal.<br>\nOmissi\u00f3 de la inspecci\u00f3, art. 320.1 del Codi penal.<br>\nLa prevaricaci\u00f3 urban\u00edstica en els actes administratius de contingut urban\u00edstic, art. 320.2 del Codi penal.<br><br>\nTinguin en compte que l&#8217;article 338 del Codi penal estableix un agreujament de la condemna aplicable en el cas que, en la comissi\u00f3 de qualsevol dels delictes contra l&#8217;ordenaci\u00f3 del territori i l&#8217;urbanisme, es vegi afectat algun espai natural protegit. En aquest cas s&#8217;imposaran les penes superiors en grau a les respectivament previstes.<\/p>\n<\/div><\/div>\n<\/div><\/div>\n<\/div><\/div>\n<\/div><\/div>\n<\/div><\/div>\n<\/div><\/div>\n<\/div><\/div>\n","protected":false},"excerpt":{"rendered":"<p>\u00c0rees de pr\u00e0ctica \/ Litigaci\u00f3 i defensa \/ Defensa penal \u00c0rea de Dret Penal Quan les situacions es compliquen, \u00e9s de vital import\u00e0ncia comptar amb l&#8217;assessorament de veritables professionals del dret. Advocats especialistes en dret penal a Barcelona que defensin els seus interessos, personals i patrimonials, assumint tant la posici\u00f3 d&#8217;acusaci\u00f3 particular com la de <a href=\"https:\/\/annazaragoza.com\/ca\/defensa-penal\/\" class=\"more-link\">&#8230;<span class=\"screen-reader-text\">  Defensa penal<\/span><\/a><\/p>\n","protected":false},"author":0,"featured_media":0,"parent":0,"menu_order":0,"comment_status":"closed","ping_status":"closed","template":"","meta":{"_acf_changed":false,"footnotes":""},"class_list":["post-2656","page","type-page","status-publish","hentry"],"acf":[],"yoast_head":"<!-- This site is optimized with the Yoast SEO plugin v27.7 - https:\/\/yoast.com\/product\/yoast-seo-wordpress\/ -->\n<title>Defensa penal - Anna Zaragoza<\/title>\n<meta name=\"robots\" content=\"index, follow, max-snippet:-1, max-image-preview:large, max-video-preview:-1\" \/>\n<link rel=\"canonical\" href=\"https:\/\/annazaragoza.com\/ca\/defensa-penal\/\" \/>\n<meta property=\"og:locale\" content=\"ca_ES\" \/>\n<meta property=\"og:type\" content=\"article\" \/>\n<meta property=\"og:title\" content=\"Defensa penal - Anna Zaragoza\" \/>\n<meta property=\"og:description\" content=\"\u00c0rees de pr\u00e0ctica \/ Litigaci\u00f3 i defensa \/ Defensa penal \u00c0rea de Dret Penal Quan les situacions es compliquen, \u00e9s de vital import\u00e0ncia comptar amb l&#8217;assessorament de veritables professionals del dret. Advocats especialistes en dret penal a Barcelona que defensin els seus interessos, personals i patrimonials, assumint tant la posici\u00f3 d&#8217;acusaci\u00f3 particular com la de ... Defensa penal\" \/>\n<meta property=\"og:url\" content=\"https:\/\/annazaragoza.com\/ca\/defensa-penal\/\" \/>\n<meta property=\"og:site_name\" content=\"Anna Zaragoza\" \/>\n<meta property=\"article:modified_time\" content=\"2026-08-23T11:59:40+00:00\" \/>\n<meta property=\"og:image\" content=\"https:\/\/annazaragoza.com\/wp-content\/uploads\/2026\/08\/hero-defensa-penal-2.png\" \/>\n\t<meta property=\"og:image:width\" content=\"1672\" \/>\n\t<meta property=\"og:image:height\" content=\"941\" \/>\n\t<meta property=\"og:image:type\" content=\"image\/png\" \/>\n<meta name=\"twitter:card\" content=\"summary_large_image\" \/>\n<meta name=\"twitter:label1\" content=\"Temps estimat de lectura\" \/>\n\t<meta name=\"twitter:data1\" content=\"27 minuts\" \/>\n<script type=\"application\/ld+json\" class=\"yoast-schema-graph\">{\"@context\":\"https:\\\/\\\/schema.org\",\"@graph\":[{\"@type\":\"WebPage\",\"@id\":\"https:\\\/\\\/annazaragoza.com\\\/ca\\\/defensa-penal\\\/\",\"url\":\"https:\\\/\\\/annazaragoza.com\\\/ca\\\/defensa-penal\\\/\",\"name\":\"Defensa penal - Anna Zaragoza\",\"isPartOf\":{\"@id\":\"https:\\\/\\\/annazaragoza.com\\\/ca\\\/#website\"},\"primaryImageOfPage\":{\"@id\":\"https:\\\/\\\/annazaragoza.com\\\/ca\\\/defensa-penal\\\/#primaryimage\"},\"image\":{\"@id\":\"https:\\\/\\\/annazaragoza.com\\\/ca\\\/defensa-penal\\\/#primaryimage\"},\"thumbnailUrl\":\"https:\\\/\\\/annazaragoza.com\\\/wp-content\\\/uploads\\\/2026\\\/08\\\/hero-defensa-penal-2-1024x576.png\",\"datePublished\":\"2026-07-07T10:31:37+00:00\",\"dateModified\":\"2026-08-23T11:59:40+00:00\",\"breadcrumb\":{\"@id\":\"https:\\\/\\\/annazaragoza.com\\\/ca\\\/defensa-penal\\\/#breadcrumb\"},\"inLanguage\":\"ca\",\"potentialAction\":[{\"@type\":\"ReadAction\",\"target\":[\"https:\\\/\\\/annazaragoza.com\\\/ca\\\/defensa-penal\\\/\"]}]},{\"@type\":\"ImageObject\",\"inLanguage\":\"ca\",\"@id\":\"https:\\\/\\\/annazaragoza.com\\\/ca\\\/defensa-penal\\\/#primaryimage\",\"url\":\"https:\\\/\\\/annazaragoza.com\\\/wp-content\\\/uploads\\\/2026\\\/08\\\/hero-defensa-penal-2-1024x576.png\",\"contentUrl\":\"https:\\\/\\\/annazaragoza.com\\\/wp-content\\\/uploads\\\/2026\\\/08\\\/hero-defensa-penal-2-1024x576.png\"},{\"@type\":\"BreadcrumbList\",\"@id\":\"https:\\\/\\\/annazaragoza.com\\\/ca\\\/defensa-penal\\\/#breadcrumb\",\"itemListElement\":[{\"@type\":\"ListItem\",\"position\":1,\"name\":\"Portada\",\"item\":\"https:\\\/\\\/annazaragoza.com\\\/ca\\\/\"},{\"@type\":\"ListItem\",\"position\":2,\"name\":\"Defensa penal\"}]},{\"@type\":\"WebSite\",\"@id\":\"https:\\\/\\\/annazaragoza.com\\\/ca\\\/#website\",\"url\":\"https:\\\/\\\/annazaragoza.com\\\/ca\\\/\",\"name\":\"Anna Zaragoza\",\"description\":\"Anna Zaragoza abogada en Barcelona\",\"publisher\":{\"@id\":\"https:\\\/\\\/annazaragoza.com\\\/ca\\\/#organization\"},\"potentialAction\":[{\"@type\":\"SearchAction\",\"target\":{\"@type\":\"EntryPoint\",\"urlTemplate\":\"https:\\\/\\\/annazaragoza.com\\\/ca\\\/?s={search_term_string}\"},\"query-input\":{\"@type\":\"PropertyValueSpecification\",\"valueRequired\":true,\"valueName\":\"search_term_string\"}}],\"inLanguage\":\"ca\"},{\"@type\":\"Organization\",\"@id\":\"https:\\\/\\\/annazaragoza.com\\\/ca\\\/#organization\",\"name\":\"Anna Zaragoza\",\"url\":\"https:\\\/\\\/annazaragoza.com\\\/ca\\\/\",\"logo\":{\"@type\":\"ImageObject\",\"inLanguage\":\"ca\",\"@id\":\"https:\\\/\\\/annazaragoza.com\\\/ca\\\/#\\\/schema\\\/logo\\\/image\\\/\",\"url\":\"https:\\\/\\\/annazaragoza.com\\\/wp-content\\\/uploads\\\/2022\\\/07\\\/cropped-favicon.png\",\"contentUrl\":\"https:\\\/\\\/annazaragoza.com\\\/wp-content\\\/uploads\\\/2022\\\/07\\\/cropped-favicon.png\",\"width\":512,\"height\":512,\"caption\":\"Anna Zaragoza\"},\"image\":{\"@id\":\"https:\\\/\\\/annazaragoza.com\\\/ca\\\/#\\\/schema\\\/logo\\\/image\\\/\"}}]}<\/script>\n<!-- \/ Yoast SEO plugin. -->","yoast_head_json":{"title":"Defensa penal - Anna Zaragoza","robots":{"index":"index","follow":"follow","max-snippet":"max-snippet:-1","max-image-preview":"max-image-preview:large","max-video-preview":"max-video-preview:-1"},"canonical":"https:\/\/annazaragoza.com\/ca\/defensa-penal\/","og_locale":"ca_ES","og_type":"article","og_title":"Defensa penal - Anna Zaragoza","og_description":"\u00c0rees de pr\u00e0ctica \/ Litigaci\u00f3 i defensa \/ Defensa penal \u00c0rea de Dret Penal Quan les situacions es compliquen, \u00e9s de vital import\u00e0ncia comptar amb l&#8217;assessorament de veritables professionals del dret. Advocats especialistes en dret penal a Barcelona que defensin els seus interessos, personals i patrimonials, assumint tant la posici\u00f3 d&#8217;acusaci\u00f3 particular com la de ... Defensa penal","og_url":"https:\/\/annazaragoza.com\/ca\/defensa-penal\/","og_site_name":"Anna Zaragoza","article_modified_time":"2026-08-23T11:59:40+00:00","og_image":[{"width":1672,"height":941,"url":"https:\/\/annazaragoza.com\/wp-content\/uploads\/2026\/08\/hero-defensa-penal-2.png","type":"image\/png"}],"twitter_card":"summary_large_image","twitter_misc":{"Temps estimat de lectura":"27 minuts"},"schema":{"@context":"https:\/\/schema.org","@graph":[{"@type":"WebPage","@id":"https:\/\/annazaragoza.com\/ca\/defensa-penal\/","url":"https:\/\/annazaragoza.com\/ca\/defensa-penal\/","name":"Defensa penal - Anna Zaragoza","isPartOf":{"@id":"https:\/\/annazaragoza.com\/ca\/#website"},"primaryImageOfPage":{"@id":"https:\/\/annazaragoza.com\/ca\/defensa-penal\/#primaryimage"},"image":{"@id":"https:\/\/annazaragoza.com\/ca\/defensa-penal\/#primaryimage"},"thumbnailUrl":"https:\/\/annazaragoza.com\/wp-content\/uploads\/2026\/08\/hero-defensa-penal-2-1024x576.png","datePublished":"2026-07-07T10:31:37+00:00","dateModified":"2026-08-23T11:59:40+00:00","breadcrumb":{"@id":"https:\/\/annazaragoza.com\/ca\/defensa-penal\/#breadcrumb"},"inLanguage":"ca","potentialAction":[{"@type":"ReadAction","target":["https:\/\/annazaragoza.com\/ca\/defensa-penal\/"]}]},{"@type":"ImageObject","inLanguage":"ca","@id":"https:\/\/annazaragoza.com\/ca\/defensa-penal\/#primaryimage","url":"https:\/\/annazaragoza.com\/wp-content\/uploads\/2026\/08\/hero-defensa-penal-2-1024x576.png","contentUrl":"https:\/\/annazaragoza.com\/wp-content\/uploads\/2026\/08\/hero-defensa-penal-2-1024x576.png"},{"@type":"BreadcrumbList","@id":"https:\/\/annazaragoza.com\/ca\/defensa-penal\/#breadcrumb","itemListElement":[{"@type":"ListItem","position":1,"name":"Portada","item":"https:\/\/annazaragoza.com\/ca\/"},{"@type":"ListItem","position":2,"name":"Defensa penal"}]},{"@type":"WebSite","@id":"https:\/\/annazaragoza.com\/ca\/#website","url":"https:\/\/annazaragoza.com\/ca\/","name":"Anna Zaragoza","description":"Anna Zaragoza abogada en Barcelona","publisher":{"@id":"https:\/\/annazaragoza.com\/ca\/#organization"},"potentialAction":[{"@type":"SearchAction","target":{"@type":"EntryPoint","urlTemplate":"https:\/\/annazaragoza.com\/ca\/?s={search_term_string}"},"query-input":{"@type":"PropertyValueSpecification","valueRequired":true,"valueName":"search_term_string"}}],"inLanguage":"ca"},{"@type":"Organization","@id":"https:\/\/annazaragoza.com\/ca\/#organization","name":"Anna Zaragoza","url":"https:\/\/annazaragoza.com\/ca\/","logo":{"@type":"ImageObject","inLanguage":"ca","@id":"https:\/\/annazaragoza.com\/ca\/#\/schema\/logo\/image\/","url":"https:\/\/annazaragoza.com\/wp-content\/uploads\/2022\/07\/cropped-favicon.png","contentUrl":"https:\/\/annazaragoza.com\/wp-content\/uploads\/2022\/07\/cropped-favicon.png","width":512,"height":512,"caption":"Anna Zaragoza"},"image":{"@id":"https:\/\/annazaragoza.com\/ca\/#\/schema\/logo\/image\/"}}]}},"_links":{"self":[{"href":"https:\/\/annazaragoza.com\/ca\/wp-json\/wp\/v2\/pages\/2656","targetHints":{"allow":["GET"]}}],"collection":[{"href":"https:\/\/annazaragoza.com\/ca\/wp-json\/wp\/v2\/pages"}],"about":[{"href":"https:\/\/annazaragoza.com\/ca\/wp-json\/wp\/v2\/types\/page"}],"replies":[{"embeddable":true,"href":"https:\/\/annazaragoza.com\/ca\/wp-json\/wp\/v2\/comments?post=2656"}],"version-history":[{"count":3,"href":"https:\/\/annazaragoza.com\/ca\/wp-json\/wp\/v2\/pages\/2656\/revisions"}],"predecessor-version":[{"id":2661,"href":"https:\/\/annazaragoza.com\/ca\/wp-json\/wp\/v2\/pages\/2656\/revisions\/2661"}],"wp:attachment":[{"href":"https:\/\/annazaragoza.com\/ca\/wp-json\/wp\/v2\/media?parent=2656"}],"curies":[{"name":"wp","href":"https:\/\/api.w.org\/{rel}","templated":true}]}}